{"id":5293,"date":"2026-01-05T07:18:47","date_gmt":"2026-01-05T06:18:47","guid":{"rendered":"https:\/\/www.palficargo.hu\/?page_id=5293"},"modified":"2026-01-05T07:32:33","modified_gmt":"2026-01-05T06:32:33","slug":"adatkezelesi-tajekoztato","status":"publish","type":"page","link":"https:\/\/www.palficargo.hu\/en\/adatkezelesi-tajekoztato","title":{"rendered":"Adatkezel\u00e9si t\u00e1j\u00e9koztat\u00f3"},"content":{"rendered":"\t\t<div data-elementor-type=\"wp-page\" data-elementor-id=\"5293\" class=\"elementor elementor-5293\" data-elementor-post-type=\"page\">\n\t\t\t\t<div data-particle_enable=\"false\" data-particle-mobile-disabled=\"false\" class=\"elementor-element elementor-element-3c4d4e9 e-flex e-con-boxed wpr-particle-no wpr-jarallax-no wpr-parallax-no wpr-sticky-section-no wpr-equal-height-no e-con e-parent\" data-id=\"3c4d4e9\" data-element_type=\"container\" data-e-type=\"container\" data-settings=\"{&quot;background_background&quot;:&quot;classic&quot;}\">\n\t\t\t\t\t<div class=\"e-con-inner\">\n\t\t<div data-particle_enable=\"false\" data-particle-mobile-disabled=\"false\" class=\"elementor-element elementor-element-93d5140 e-con-full e-flex wpr-particle-no wpr-jarallax-no wpr-parallax-no wpr-sticky-section-no wpr-equal-height-no e-con e-child\" data-id=\"93d5140\" data-element_type=\"container\" data-e-type=\"container\">\n\t\t\t\t<div class=\"elementor-element elementor-element-105f6cf elementor-widget elementor-widget-heading\" data-id=\"105f6cf\" data-element_type=\"widget\" data-e-type=\"widget\" data-widget_type=\"heading.default\">\n\t\t\t\t\t<h2 class=\"elementor-heading-title elementor-size-default\">Adatv\u00e9delmi t\u00e1j\u00e9koztat\u00f3<\/h2>\t\t\t\t<\/div>\n\t\t\t\t<\/div>\n\t\t\t\t\t<\/div>\n\t\t\t\t<\/div>\n\t\t<div data-particle_enable=\"false\" data-particle-mobile-disabled=\"false\" class=\"elementor-element elementor-element-53598ce e-flex e-con-boxed wpr-particle-no wpr-jarallax-no wpr-parallax-no wpr-sticky-section-no wpr-equal-height-no e-con e-parent\" data-id=\"53598ce\" data-element_type=\"container\" data-e-type=\"container\">\n\t\t\t\t\t<div class=\"e-con-inner\">\n\t\t<div data-particle_enable=\"false\" data-particle-mobile-disabled=\"false\" class=\"elementor-element elementor-element-ba89b87 e-con-full e-flex wpr-particle-no wpr-jarallax-no wpr-parallax-no wpr-sticky-section-no wpr-equal-height-no e-con e-child\" data-id=\"ba89b87\" data-element_type=\"container\" data-e-type=\"container\">\n\t\t\t\t<div class=\"elementor-element elementor-element-ea54de4 elementor-widget elementor-widget-text-editor\" data-id=\"ea54de4\" data-element_type=\"widget\" data-e-type=\"widget\" data-widget_type=\"text-editor.default\">\n\t\t\t\t\t\t\t\t\t<h3><strong>Adatv\u00e9delmi t\u00e1j\u00e9koztat\u00f3<\/strong><\/h3><p>\u00a0<strong>Preambulum<\/strong><\/p><p>A Tulajdonos kiemelt figyelmet ford\u00edt arra, hogy adatkezel\u00e9se sor\u00e1n\u00a0<em>az inform\u00e1ci\u00f3s \u00f6nrendelkez\u00e9si jogr\u00f3l \u00e9s az inform\u00e1ci\u00f3szabads\u00e1gr\u00f3l sz\u00f3l\u00f3 2011. \u00e9vi CXII. t\u00f6rv\u00e9nynek<\/em>, az egy\u00e9b jogszab\u00e1lyoknak, a Nemzeti Adatv\u00e9delmi \u00e9s Inform\u00e1ci\u00f3szabads\u00e1g Hat\u00f3s\u00e1g\u00a0<strong>(\u201eHat\u00f3s\u00e1g\u201d)<\/strong>\u00a0tev\u00e9kenys\u00e9ge sor\u00e1n kialakult adatv\u00e9delmi gyakorlatnak megfelel\u0151en, valamint az adatv\u00e9delemhez kapcsol\u00f3d\u00f3 fontosabb nemzetk\u00f6zi aj\u00e1nl\u00e1sokat is figyelembe v\u00e9ve j\u00e1rjon el.<\/p><p>A Tulajdonos ez\u00faton t\u00e1j\u00e9koztatja az \u00fcgyfeleit, valamint Honlapj\u00e1nak l\u00e1togat\u00f3it az \u00e1ltala a Honlappal \u00f6sszef\u00fcgg\u00e9sben kezelt szem\u00e9lyes adatokr\u00f3l, a szem\u00e9lyes adatok kezel\u00e9se k\u00f6r\u00e9ben k\u00f6vetett gyakorlat\u00e1r\u00f3l, a szem\u00e9lyes adatok v\u00e9delme \u00e9rdek\u00e9ben tett szervez\u00e9si \u00e9s technikai int\u00e9zked\u00e9seir\u0151l, valamint az \u00e9rintettek jogai gyakorl\u00e1s\u00e1nak m\u00f3dj\u00e1r\u00f3l \u00e9s lehet\u0151s\u00e9geir\u0151l.<\/p><p><strong>A Tulajdonos, azaz az adatkezel\u0151 adatai:<\/strong><\/p><ol><li>C\u00e9gn\u00e9v: P\u00e1lfi Cargo Kft<\/li><li>Sz\u00e9khely: 5244 Tiszasz\u0151l\u0151s, F\u0151 \u00fat 62.<\/li><li>C\u00e9gjegyz\u00e9k sz\u00e1m: 16 09 021305<\/li><li>Ad\u00f3sz\u00e1m: 32162459-1-16<\/li><li>\u00dcgyvezet\u0151: P\u00e1lfi P\u00e9ter<\/li><li>Webc\u00edm: https:\/\/www.palficargo.hu<\/li><li>Elektronikus el\u00e9rhet\u0151s\u00e9g: palficargo@gmail.com<\/li><li>Telefonos el\u00e9rhet\u0151s\u00e9g: +3670\/290-8578<\/li><\/ol><p>\u00a0<\/p><p><strong>Az adatkezel\u00e9s c\u00e9lja, jogalapja, terjedelme, id\u0151tartama \u00e9s a kezelt szem\u00e9lyes adatok k\u00f6re<\/strong><\/p><p>A Tulajdonos kezeli a Honlapj\u00e1nak felkeres\u00e9se sor\u00e1n, az internetes kapcsolat l\u00e9tes\u00edt\u00e9s\u00e9re \u00e9s fenntart\u00e1s\u00e1ra tekintettel a haszn\u00e1lt b\u00f6ng\u00e9sz\u0151program t\u00edpus\u00e1val, az internetprotokoll-c\u00edmmel (IP-c\u00edm, portsz\u00e1m), a dom\u00e9nn\u00e9vvel (URL), a l\u00e1togat\u00e1s d\u00e1tum\u00e1val \u00e9s a megtekintett oldalak list\u00e1j\u00e1val kapcsolatosan automatikusan k\u00e9pz\u0151d\u0151 szem\u00e9lyes adatnak min\u0151s\u00fcl\u0151 technikai adatokat (napl\u00f3z\u00e1si adatok). Az adatkezel\u00e9s c\u00e9lja a Honlap fejleszt\u00e9s\u00e9hez, a l\u00e1togatotts\u00e1ggal \u00e9s haszn\u00e1lattal kapcsolatos elemz\u00e9sek elv\u00e9gz\u00e9s\u00e9hez sz\u00fcks\u00e9ges statisztikai inform\u00e1ci\u00f3k gy\u0171jt\u00e9se (statisztikai c\u00e9l), valamint az esetleges vissza\u00e9l\u00e9sek megakad\u00e1lyoz\u00e1sa, tov\u00e1bb\u00e1 felder\u00edt\u00e9s\u00e9nek lehet\u0151v\u00e9 t\u00e9tele (inform\u00e1ci\u00f3biztons\u00e1gi c\u00e9l). A Tulajdonos a Honlap l\u00e1togat\u00e1s\u00e1val kapcsolatos napl\u00f3z\u00e1si adatokat inform\u00e1ci\u00f3biztons\u00e1gi c\u00e9lra k\u00e9t \u00e9vig, statisztikai c\u00e9lra egy \u00e9vig kezeli.<\/p><p>A Tulajdonos Honlapj\u00e1n cookie-kat \u2013 az \u00e9rintett sz\u00e1m\u00edt\u00f3g\u00e9p\u00e9re telep\u00fcl\u0151 inform\u00e1ci\u00f3csomagokat \u2013 haszn\u00e1l a Honlap l\u00e1togat\u00e1s\u00e1val kapcsolatos adatok gy\u0171jt\u00e9se \u00e9rdek\u00e9ben, amennyiben ezt az \u00e9rintett a b\u00f6ng\u00e9sz\u0151j\u00e9nek be\u00e1ll\u00edt\u00e1s\u00e1val lehet\u0151v\u00e9 teszi. A cookie-k telep\u00edt\u00e9s\u00e9t az \u00e9rintett \u2013 a sz\u00e1m\u00edt\u00f3g\u00e9pe be\u00e1ll\u00edt\u00e1sainak megv\u00e1ltoztat\u00e1s\u00e1val \u2013 megtilthatja, illetve a haszn\u00e1lat sor\u00e1n telep\u00fclt cookie-kat a sz\u00e1m\u00edt\u00f3g\u00e9p\u00e9r\u0151l b\u00e1rmikor elt\u00e1vol\u00edthatja. A cookie-k alkalmaz\u00e1s\u00e1nak c\u00e9lja a Honlap fejleszt\u00e9s\u00e9hez, a l\u00e1togatotts\u00e1ggal \u00e9s haszn\u00e1lattal kapcsolatos elemz\u00e9sekhez sz\u00fcks\u00e9ges statisztikai inform\u00e1ci\u00f3k gy\u0171jt\u00e9se. A cookie-k lenyomatai egyedi honlap-b\u00f6ng\u00e9sz\u00e9shez nem k\u00f6thet\u0151k, azokb\u00f3l kiz\u00e1r\u00f3lag statisztikai c\u00e9l\u00fa, anonim adatok nyerhet\u0151k ki, amelyekb\u0151l a Honlap tov\u00e1bbi fejleszt\u00e9s\u00e9hez sz\u00fcks\u00e9ges trendek rajzolhat\u00f3k fel. A Honlap haszn\u00e1lat\u00e1t el\u0151seg\u00edt\u0151 ideiglenes \u00e9s min\u0151s\u00edt\u0151 c\u00e9l\u00fa cookie az adott munkafolyamat \u2013 a b\u00f6ng\u00e9sz\u00e9s \u2013 v\u00e9g\u00e9n t\u00f6rl\u0151dik, a funkcion\u00e1lis c\u00e9l\u00fa cookie negyed \u00e9vig, a statisztikai c\u00e9l\u00fa cookie k\u00e9t \u00e9vig t\u00e1rol\u00f3dik az \u00e9rintett sz\u00e1m\u00edt\u00f3g\u00e9p\u00e9n, amennyiben azt nem t\u00e1vol\u00edtja el kor\u00e1bban.<\/p><p>Az adatkezel\u00e9s jogalapja mind a napl\u00f3z\u00e1si adatok, mind a cookie-k eset\u00e9ben az \u00e9rintett hozz\u00e1j\u00e1rul\u00e1sa [Infotv. 5. \u00a7 (1) bekezd\u00e9s a) pontja, az adatkezel\u00e9s id\u0151tartama tekintet\u00e9ben az Infotv. 6. \u00a7 (5) bekezd\u00e9se alapj\u00e1n is].<\/p><p>A Honlapon t\u00f6rt\u00e9n\u0151 aj\u00e1nlatk\u00e9r\u00e9s vagy visszah\u00edv\u00e1si k\u00e9relem sor\u00e1n a megadott szem\u00e9lyes adatok (n\u00e9v, telefonsz\u00e1m, email c\u00edm) kezel\u00e9s\u00e9nek c\u00e9lja, hogy lehet\u0151v\u00e9 tegy\u00e9k a Tulajdonos sz\u00e1m\u00e1ra, hogy kapcsolatba l\u00e9pjen \u00f6n\u00f6kkel: v\u00e1laszoljon az \u00e9rdekl\u0151d\u00e9s\u00fckre, a k\u00e9rd\u00e9seikre, megk\u00fcldje \u00f6n\u00f6knek a k\u00e9rt inform\u00e1ci\u00f3kat, illetve aj\u00e1nlatokat tegyen szolg\u00e1ltat\u00e1sair\u00f3l.<\/p><p>Az adatkezel\u00e9s jogalapja az \u00f6n hozz\u00e1j\u00e1rul\u00e1sa, amelyet a Tulajdonos Honlapj\u00e1n kereszt\u00fcl t\u00f6rt\u00e9n\u0151 adatmegad\u00e1ssal ad meg (GDPR 6. cikk (1) bekezd\u00e9s\u00e9nek a) pontja), valamint a szolg\u00e1ltat\u00e1saival kapcsolatos szerz\u0151d\u00e9s el\u0151k\u00e9sz\u00edt\u00e9se \u00e9s teljes\u00edt\u00e9se (GDPR 6. cikk (1) bekezd\u00e9s\u00e9nek b) pontja).<\/p><p>\u00d6nnek jog\u00e1ban \u00e1ll b\u00e1rmikor visszavonni hozz\u00e1j\u00e1rul\u00e1s\u00e1t az adatkezel\u00e9shez, azonban ez nem \u00e9rinti a visszavon\u00e1s el\u0151tti adatkezel\u00e9s jogszer\u0171s\u00e9g\u00e9t. Vegye figyelembe, hogy bizonyos esetekben az \u00d6n hozz\u00e1j\u00e1rul\u00e1s\u00e1nak visszavon\u00e1sa eset\u00e9n a Tulajdonos nem tudja biztos\u00edtani a k\u00e9rdezett szolg\u00e1ltat\u00e1sokat.<\/p><p>Az \u00d6n \u00e1ltal megadott szem\u00e9lyes adatokat csak az adott c\u00e9lb\u00f3l haszn\u00e1lja fel a Tulajdonos, \u00e9s nem osztja meg harmadik felekkel, kiv\u00e9ve, ha erre jogszab\u00e1ly k\u00f6telezi, vagy ha az adott szolg\u00e1ltat\u00e1s teljes\u00edt\u00e9s\u00e9hez elengedhetetlen\u00fcl sz\u00fcks\u00e9ges.<\/p><p><strong>Gy\u0171jt\u00f6tt adatok t\u00edpusai<\/strong><\/p><p>A Honlap \u00e9s a szolg\u00e1ltat\u00e1sok ig\u00e9nybev\u00e9tele sor\u00e1n az al\u00e1bbi szem\u00e9lyes adatokat gy\u0171jti a Tulajdonos az \u00f6n \u00e1ltal megadott inform\u00e1ci\u00f3k, valamint a telefonos kapcsolatfelv\u00e9tel alkalm\u00e1val:<\/p><p><strong>N\u00e9v:<\/strong>\u00a0Az \u00f6n teljes neve, amelyet a Honlapon kereszt\u00fcli \u0171rlapok kit\u00f6lt\u00e9sekor vagy telefonos kapcsolatfelv\u00e9telkor ad meg, lehet\u0151v\u00e9 t\u00e9ve a Tulajdonos sz\u00e1m\u00e1ra, hogy szem\u00e9lyre szabottan kommunik\u00e1ljon \u00f6nnel.<\/p><p><strong>E-mail c\u00edm:<\/strong>\u00a0Az \u00f6n elektronikus levelez\u00e9si c\u00edme, amelyet a Honlapon tal\u00e1lhat\u00f3 \u0171rlapokon kereszt\u00fcl vagy telefonon kereszt\u00fcl adhat meg, amelyet az\u00e9rt haszn\u00e1l a Tulajdonos, hogy kapcsolatba l\u00e9pjen \u00d6nnel, v\u00e1laszoljon \u00e9rdekl\u0151d\u00e9s\u00e9re, \u00e9s inform\u00e1ci\u00f3kat, valamint aj\u00e1nlatokat k\u00fcldj\u00f6n.<\/p><p><strong>Telefonsz\u00e1m:<\/strong>\u00a0Az \u00f6n telefonos el\u00e9rhet\u0151s\u00e9ge, amelyet a weboldal \u0171rlapjain vagy telefonon kereszt\u00fcl k\u00f6z\u00f6lhet a Tulajdonossal. Ezt az inform\u00e1ci\u00f3t arra haszn\u00e1lja, hogy telefonon felvegye \u00d6nnel a kapcsolatot, v\u00e1laszoljon a k\u00e9rd\u00e9seire, vagy t\u00e1j\u00e9koztassa a szolg\u00e1ltat\u00e1sair\u00f3l.<\/p><p>Ezen adatok gy\u0171jt\u00e9s\u00e9nek \u00e9s kezel\u00e9s\u00e9nek c\u00e9lja az, hogy megk\u00f6nny\u00edtse a kommunik\u00e1ci\u00f3t \u00f6n \u00e9s a Tulajdonos k\u00f6z\u00f6tt, lehet\u0151v\u00e9 t\u00e9ve, hogy hat\u00e9konyan reag\u00e1ljon a Tulajdonos az aj\u00e1nlatk\u00e9r\u00e9sekre, \u00e9rdekl\u0151d\u00e9sekre, \u00e9s szem\u00e9lyre szabott inform\u00e1ci\u00f3kkal szolg\u00e1ljon. Az adatgy\u0171jt\u00e9s minden esetben az \u00f6n \u00f6nk\u00e9ntes hozz\u00e1j\u00e1rul\u00e1s\u00e1n alapul, amelyet az adatok megad\u00e1s\u00e1val fejez ki.<\/p><p>A Tulajdonos biztos\u00edtja \u00f6nt, hogy a gy\u0171jt\u00f6tt szem\u00e9lyes adatokat bizalmasan kezeli, nem osztja meg illet\u00e9ktelen harmadik felekkel, \u00e9s csak az adott c\u00e9lb\u00f3l haszn\u00e1lja fel, amelyr\u0151l ebben a dokumentumban t\u00e1j\u00e9koztat\u00e1st kap.<\/p><p><strong>Az adatkezel\u00e9s id\u0151tartama<\/strong><\/p><p>A Honlapon kereszt\u00fcl, vagy telefonon t\u00f6rt\u00e9n\u0151 aj\u00e1nlatk\u00e9r\u00e9s sor\u00e1n megadott szem\u00e9lyes adatokat \u2013 bele\u00e9rtve a nevet, e-mail c\u00edmet \u00e9s telefonsz\u00e1mot \u2013 a Tulajdonos c\u00e9ljai el\u00e9r\u00e9s\u00e9hez sz\u00fcks\u00e9ges ideig, de legfeljebb 1 \u00e9vig t\u00e1rolja. Ez az id\u0151szak lehet\u0151v\u00e9 teszi a Tulajdonos sz\u00e1m\u00e1ra, hogy k\u00e9s\u0151bbi megrendel\u00e9sek eset\u00e9n visszat\u00e9rhessen a kor\u00e1bbi aj\u00e1nlatokhoz, \u00edgy hat\u00e9konyabban tudja kezelni az \u00faj megrendel\u00e9seket.<\/p><p>Amennyiben az aj\u00e1nlatk\u00e9r\u00e9sb\u0151l szerz\u0151d\u00e9s j\u00f6n l\u00e9tre, a szerz\u0151d\u00e9ssel kapcsolatos adatokat \u2013 a hat\u00e9kony \u00fcgyf\u00e9lkezel\u00e9s \u00e9s a megrendel\u00e9sek nyomon k\u00f6vet\u00e9se \u00e9rdek\u00e9ben \u2013 5 \u00e9vig \u0151riz meg a Tulajdonos. Ez az id\u0151szak \u00f6sszhangban \u00e1ll a jogi k\u00f6vetelm\u00e9nyekkel \u00e9s biztos\u00edtja, hogy minden relev\u00e1ns inform\u00e1ci\u00f3 rendelkez\u00e9sre \u00e1lljon a szerz\u0151d\u00e9ses kapcsolatokkal kapcsolatos esetleges k\u00e9rd\u00e9sek vagy vit\u00e1k eset\u00e9n.<\/p><p>A sz\u00e1ml\u00e1kkal \u00e9s egy\u00e9b sz\u00e1mviteli dokumentumokkal kapcsolatos adatokat a sz\u00e1mviteli t\u00f6rv\u00e9ny el\u0151\u00edr\u00e1sainak megfelel\u0151en kezeli a Tulajdonos, ami azt jelenti, hogy ezeket az inform\u00e1ci\u00f3kat a t\u00f6rv\u00e9ny \u00e1ltal el\u0151\u00edrt id\u0151tartamig \u0151rzi meg.<\/p><p><strong>Adatok t\u00f6rl\u00e9se<\/strong><\/p><p>Az aj\u00e1nlatk\u00e9r\u00e9s sor\u00e1n megadott szem\u00e9lyes adatok t\u00f6rl\u00e9se, az adatok gy\u0171jt\u00e9s\u00e9t\u0151l sz\u00e1m\u00edtott 1 \u00e9v eltelt\u00e9vel t\u00f6rt\u00e9nik. Ezt a folyamatot a Tulajdonos manu\u00e1lisan v\u00e9gzi, mind az e-mailekb\u0151l, mind az aj\u00e1nlatk\u00e9r\u0151 rendszerb\u0151l t\u00f6rt\u00e9n\u0151 t\u00f6rl\u00e9ssel. A pap\u00edr alapon t\u00e1rolt szerz\u0151d\u00e9sek \u00e9s kapcsol\u00f3d\u00f3 dokumentumok iratmegsemmis\u00edt\u00e9ssel t\u00f6rt\u00e9n\u0151 t\u00f6rl\u00e9se 5 \u00e9v eltelt\u00e9vel val\u00f3sul meg, biztos\u00edtva ezzel az adatv\u00e9delmi el\u0151\u00edr\u00e1soknak val\u00f3 megfelel\u00e9st \u00e9s az \u00e9rintettek szem\u00e9lyes adatainak v\u00e9delm\u00e9t.<\/p><p><strong>Adatfeldolgoz\u00f3k<\/strong><\/p><p>Az \u00d6n szem\u00e9lyes adatainak v\u00e9delme \u00e9rdek\u00e9ben a Tulajdonos szigor\u00faan v\u00e1logatja meg azokat a szolg\u00e1ltat\u00f3kat, akikkel egy\u00fcttm\u0171k\u00f6dik \u00e9s akik hozz\u00e1f\u00e9rhetnek az adatokhoz.<\/p><p><strong>Webt\u00e1rhely szolg\u00e1ltat\u00f3:<\/strong>\u00a0Websupport Magyarorsz\u00e1g Kft. (kor\u00e1bbi c\u00e9gneve: Webonic Kft.)<\/p><p>Sz\u00e9khely: 1119 Budapest, Feh\u00e9rv\u00e1ri \u00fat 97-99.<\/p><p>E-mail: support@websupport.hu<\/p><p>Telefonsz\u00e1m: +36 22 78 76 74<\/p><p>Webc\u00edm: https:\/\/www.websupport.hu\/<\/p><p>Ad\u00f3sz\u00e1m: 25138205-2-43<\/p><p>C\u00e9gjegyz\u00e9ksz\u00e1m: 01-09-381419<\/p><p>A webt\u00e1rhely szolg\u00e1ltat\u00f3 hostolja a Tulajdonos weboldal\u00e1t, \u00e9s gondoskodik annak zavartalan m\u0171k\u00f6d\u00e9s\u00e9r\u0151l. Adatkezel\u0151k\u00e9nt az \u00f6n adatainak biztons\u00e1g\u00e1r\u00f3l \u00e9s v\u00e9delm\u00e9r\u0151l felel.<\/p><p><strong>Weboldal \u00fczemeltet\u0151:\u00a0<\/strong>P\u00e1lfi Cargo Kft<\/p><p>A weboldal \u00fczemeltet\u0151je felel\u0151s a weboldal karbantart\u00e1s\u00e1\u00e9rt \u00e9s az adatkezel\u00e9si folyamatok\u00e9rt.<\/p><p>\u00a0<\/p><p>A fent eml\u00edtett szolg\u00e1ltat\u00f3k mindegyike elk\u00f6telezett az adatv\u00e9delmi t\u00f6rv\u00e9nyek betart\u00e1s\u00e1ban \u00e9s az \u00f6n szem\u00e9lyes adatainak v\u00e9delm\u00e9ben. Amennyiben tov\u00e1bbi inform\u00e1ci\u00f3t szeretne kapni az adatkezel\u0151k \u00e9s adatfeldolgoz\u00f3k gyakorlatair\u00f3l, k\u00e9rj\u00fck, l\u00e9pjen kapcsolatba a Tulajdonossal az adatv\u00e9delmi t\u00e1j\u00e9koztat\u00f3ban megadott el\u00e9rhet\u0151s\u00e9geken.<\/p><p><strong>A felhaszn\u00e1l\u00f3k jogai szem\u00e9lyes adataik kezel\u00e9s\u00e9vel kapcsolatban \u00e9s e jogok gyakorl\u00e1s\u00e1nak m\u00f3dja<\/strong><\/p><p>Az Eur\u00f3pai Uni\u00f3 \u00c1ltal\u00e1nos Adatv\u00e9delmi Rendelete (GDPR) \u00e9s m\u00e1s helyi adatv\u00e9delmi t\u00f6rv\u00e9nyek \u00e9rtelm\u00e9ben \u00f6n, mint az adatkezel\u00e9s t\u00e1rgya, sz\u00e1mos jogot gyakorolhat adatai kezel\u00e9s\u00e9vel kapcsolatban. Ezek a jogok a k\u00f6vetkez\u0151k:<\/p><p>Mindenki jogosult t\u00e1j\u00e9koztat\u00e1st k\u00e9rni a Tulajdonos \u00e1ltal kezelt, illetve az \u00e1ltala vagy rendelkez\u00e9se szerint megb\u00edzott adatfeldolgoz\u00f3i \u00e1ltal feldolgozott adatair\u00f3l, az adatok forr\u00e1sair\u00f3l, az adatkezel\u00e9s c\u00e9lj\u00e1r\u00f3l, jogalapj\u00e1r\u00f3l, id\u0151tartam\u00e1r\u00f3l, az adatfeldolgoz\u00f3 nev\u00e9r\u0151l, c\u00edm\u00e9r\u0151l \u00e9s az adatkezel\u00e9ssel \u00f6sszef\u00fcgg\u0151 tev\u00e9kenys\u00e9g\u00e9r\u0151l, az esetlegesen bek\u00f6vetkezett adatv\u00e9delmi incidens k\u00f6r\u00fclm\u00e9nyeir\u0151l, hat\u00e1sair\u00f3l \u00e9s az elh\u00e1r\u00edt\u00e1s\u00e1ra megtett int\u00e9zked\u00e9sekr\u0151l, tov\u00e1bb\u00e1 adattov\u00e1bb\u00edt\u00e1s eset\u00e9n annak jogalapj\u00e1r\u00f3l \u00e9s c\u00edmzettj\u00e9r\u0151l.<\/p><p>A Tulajdonos a t\u00e1j\u00e9koztat\u00e1st \u00edr\u00e1sban, a lehet\u0151 legr\u00f6videbb id\u0151 alatt, legfeljebb azonban 25 napon bel\u00fcl adja meg; a t\u00e1j\u00e9koztat\u00e1s megad\u00e1s\u00e1t kiz\u00e1r\u00f3lag a t\u00f6rv\u00e9ny \u00e1ltal k\u00f6telez\u0151en el\u0151\u00edrt esetekben tagadja meg. Ebben az esetben a Tulajdonos \u00edr\u00e1sban t\u00e1j\u00e9koztatja a t\u00e1j\u00e9koztat\u00e1st k\u00e9r\u0151t, hogy felvil\u00e1gos\u00edt\u00e1s megtagad\u00e1s\u00e1ra mely t\u00f6rv\u00e9nyi rendelkez\u00e9s alapj\u00e1n ker\u00fclt sor, illetve t\u00e1j\u00e9koztatja arr\u00f3l is, hogy az erre vonatkoz\u00f3 d\u00f6nt\u00e9ssel szemben milyen jogorvoslati lehet\u0151s\u00e9gei vannak.<\/p><p>Ha a szem\u00e9lyes adat a val\u00f3s\u00e1gnak nem felel meg, k\u00e9rhet\u0151 a Tulajdonos \u00e1ltal kezelt adat helyesb\u00edt\u00e9se is. Amennyiben a val\u00f3s\u00e1gnak megfelel\u0151 szem\u00e9lyes adat a rendelkez\u00e9sre \u00e1ll, azt a Tulajdonos helyesb\u00edti.<\/p><p>A szem\u00e9lyes adatot t\u00f6r\u00f6lni kell, amennyiben<\/p><ul><li>azoknak kezel\u00e9se jogellenes;<\/li><li>ha az \u00e9rintett a szem\u00e9lyes adatainak t\u00f6rl\u00e9s\u00e9t k\u00e9ri;<\/li><li>azok hi\u00e1nyosak vagy t\u00e9vesek, \u00e9s ez az \u00e1llapot jogszer\u0171en nem orvosolhat\u00f3;<\/li><li>az adatkezel\u00e9s c\u00e9lja megsz\u0171nt, vagy az adatok t\u00e1rol\u00e1s\u00e1nak hat\u00e1rideje lej\u00e1rt;<\/li><li>a t\u00f6rl\u00e9st b\u00edr\u00f3s\u00e1g vagy a Hat\u00f3s\u00e1g elrendelte.<\/li><\/ul><p>\u00a0<\/p><p>Az \u00e9rintett a t\u00f6rl\u00e9st a Tulajdonoshoz beny\u00fajtott \u00edr\u00e1sbeli k\u00e9relemmel kezdem\u00e9nyezheti.<\/p><p>A Tulajdonos z\u00e1rolja a szem\u00e9lyes adatot, amennyiben az arra jogosult ezt legal\u00e1bb teljes bizony\u00edt\u00f3 erej\u0171 mag\u00e1nokiratban k\u00e9ri, vagy a Tulajdonos rendelkez\u00e9s\u00e9re \u00e1ll\u00f3 inform\u00e1ci\u00f3k szerint a jogosult \u00e1ltal k\u00e9rt adatt\u00f6rl\u00e9s s\u00e9rten\u00e9 az \u00e9rintett szem\u00e9ly jogos \u00e9rdekeit. A z\u00e1rolt szem\u00e9lyes adat kiz\u00e1r\u00f3lag addig kezelhet\u0151, ameddig fenn\u00e1ll az az adatkezel\u00e9si c\u00e9l, amely a t\u00f6rl\u00e9st kiz\u00e1rta.<\/p><p>A Tulajdonos megjel\u00f6li azt a szem\u00e9lyes adatot, amelynek helyess\u00e9ge vagy pontoss\u00e1ga vitatott, amennyiben az adat helytelens\u00e9ge vagy pontatlans\u00e1ga nem \u00e1llap\u00edthat\u00f3 meg egy\u00e9rtelm\u0171en.<\/p><p>A helyesb\u00edt\u00e9sr\u0151l, a z\u00e1rol\u00e1sr\u00f3l, a megjel\u00f6l\u00e9sr\u0151l \u00e9s a t\u00f6rl\u00e9sr\u0151l, illetve az ezekre ir\u00e1nyul\u00f3 k\u00e9r\u00e9s teljes\u00edt\u00e9s\u00e9r\u0151l vagy annak akad\u00e1ly\u00e1r\u00f3l a Tulajdonos a k\u00e9relem beny\u00fajt\u00e1s\u00e1t\u00f3l sz\u00e1m\u00edtott 25 napon bel\u00fcl \u00edr\u00e1sban \u2013 az \u00e9rintett hozz\u00e1j\u00e1rul\u00e1s\u00e1val elektronikus \u00faton \u2013 \u00e9rtes\u00edti a k\u00e9relem el\u0151terjeszt\u0151j\u00e9t, a k\u00e9relem elutas\u00edt\u00e1sa eset\u00e9n az elutas\u00edt\u00e1s t\u00e9nybeli \u00e9s jogi indokaival \u00e9s a jogorvoslati lehet\u0151s\u00e9gekre vonatkoz\u00f3 t\u00e1j\u00e9koztat\u00f3val egy\u00fctt.<\/p><p>A szem\u00e9lyes adatok kezel\u00e9se ellen az arra jogosult tiltakozhat, ha a szem\u00e9lyes adatok kezel\u00e9se vagy tov\u00e1bb\u00edt\u00e1sa kiz\u00e1r\u00f3lag a Tulajdonosra vonatkoz\u00f3 jogi k\u00f6telezetts\u00e9g teljes\u00edt\u00e9s\u00e9hez, vagy a Tulajdonos, az adat\u00e1tvev\u0151 vagy harmadik szem\u00e9ly jogos \u00e9rdek\u00e9nek \u00e9rv\u00e9nyes\u00edt\u00e9s\u00e9hez sz\u00fcks\u00e9ges (a k\u00f6telez\u0151 adatkezel\u00e9s eset\u00e9t kiv\u00e9ve); illetve, ha a szem\u00e9lyes adat felhaszn\u00e1l\u00e1sa vagy tov\u00e1bb\u00edt\u00e1sa k\u00f6zvetlen \u00fczletszerz\u00e9s, k\u00f6zv\u00e9lem\u00e9ny-kutat\u00e1s vagy tudom\u00e1nyos kutat\u00e1s c\u00e9lj\u00e1ra t\u00f6rt\u00e9nik.<\/p><p>A Tulajdonos a tiltakoz\u00e1s k\u00e9zhezv\u00e9tel\u00e9t\u0151l sz\u00e1m\u00edtott 15 napon bel\u00fcl megvizsg\u00e1lja a k\u00e9relmet, \u00e9s az abban foglaltaknak eleget tesz, amennyiben annak jogoss\u00e1ga egy\u00e9rtelm\u0171en meg\u00e1llap\u00edthat\u00f3, tov\u00e1bb\u00e1 d\u00f6nt\u00e9s\u00e9r\u0151l \u00edr\u00e1sban t\u00e1j\u00e9koztatja a tiltakoz\u00e1s beny\u00fajt\u00f3j\u00e1t. A k\u00e9relem esetleges elutas\u00edt\u00e1s\u00e1r\u00f3l a Tulajdonos \u00edr\u00e1sban, 15 napon bel\u00fcl, a tiltakoz\u00e1s el\u0151terjeszt\u00e9s\u00e9vel megegyez\u0151 m\u00f3don (pap\u00edralapon vagy elektronikusan), indokolt d\u00f6nt\u00e9s\u00e9vel \u00e9rtes\u00edti a tiltakoz\u00e1s el\u0151terjeszt\u0151j\u00e9t.<\/p><p>A tiltakoz\u00e1s elutas\u00edt\u00e1sa eset\u00e9n; amennyiben annak beny\u00fajt\u00f3ja nem \u00e9rt egyet a k\u00e9relem alapj\u00e1n hozott d\u00f6nt\u00e9ssel; vagy amennyiben a Tulajdonos a rendelkez\u00e9s\u00e9re \u00e1ll\u00f3 hat\u00e1rid\u0151t elmulasztja, az \u00e9rintett b\u00edr\u00f3s\u00e1ghoz fordulhat.<\/p><p>Mindenki, aki \u00fagy v\u00e9li, hogy a Tulajdonos adatkezel\u00e9se k\u00f6vetkezt\u00e9ben s\u00e9r\u00fcltek a jogai, b\u00edr\u00f3s\u00e1ghoz vagy a Hat\u00f3s\u00e1ghoz fordulhat. A b\u00edr\u00f3s\u00e1g az \u00fcgyben soron k\u00edv\u00fcl j\u00e1r el.\u00a0<\/p><p><strong>K\u00fcl\u00f6nleges adatkateg\u00f3ri\u00e1k<\/strong><\/p><p>A Tulajdonos sz\u00e1m\u00e1ra kiemelten fontos a felhaszn\u00e1l\u00f3k szem\u00e9lyes adatainak v\u00e9delme \u00e9s tiszteletben tart\u00e1sa. Ezzel \u00f6sszef\u00fcgg\u00e9sben t\u00e1j\u00e9koztatja \u00f6n\u00f6ket, hogy a Honlap\u00a0<strong>nem gy\u0171jt \u00e9s nem kezel k\u00fcl\u00f6nleges adatkateg\u00f3ri\u00e1kat tartalmaz\u00f3 inform\u00e1ci\u00f3kat<\/strong>, mint p\u00e9ld\u00e1ul eg\u00e9szs\u00e9g\u00fcgyi adatok, biometrikus adatok, etnikai hovatartoz\u00e1sra vonatkoz\u00f3 adatok, politikai v\u00e9lem\u00e9ny, vall\u00e1si vagy vil\u00e1gn\u00e9zeti meggy\u0151z\u0151d\u00e9s.<\/p><p>\u00a0<\/p><p>A Tulajdonos \u00e1ltal gy\u0171jt\u00f6tt adatok a Honlapon kereszt\u00fcli interakci\u00f3k sor\u00e1n, vagy telefonos kapcsolatfelv\u00e9telkor megadott szem\u00e9lyes adatokra korl\u00e1toz\u00f3dnak, mint p\u00e9ld\u00e1ul n\u00e9v, e-mail c\u00edm \u00e9s telefonsz\u00e1m, amelyek c\u00e9lja kiz\u00e1r\u00f3lag az \u00f6n \u00e1ltal k\u00e9rt szolg\u00e1ltat\u00e1sok ny\u00fajt\u00e1sa \u00e9s a kapcsolattart\u00e1s.<\/p><p><strong>Automatikusan gy\u0171jt\u00f6tt adatok<\/strong><\/p><p>A Honlap a l\u00e1togat\u00f3i \u00e9lm\u00e9ny jav\u00edt\u00e1sa \u00e9s a Honlap haszn\u00e1lat\u00e1nak elemz\u00e9se \u00e9rdek\u00e9ben Google Analytics szolg\u00e1ltat\u00e1st haszn\u00e1l. A Tulajdonos kiemeli, hogy k\u00f6zvetlen\u00fcl nem gy\u0171jt automatikusan adatokat, mint p\u00e9ld\u00e1ul IP-c\u00edm, b\u00f6ng\u00e9sz\u0151 t\u00edpusa, l\u00e1togat\u00e1s id\u0151pontja.<\/p><p>Az ilyen t\u00edpus\u00fa inform\u00e1ci\u00f3kat kiz\u00e1r\u00f3lag a Google Analytics szolg\u00e1ltat\u00e1s keret\u00e9ben, annak szab\u00e1lyzatai \u00e9s technol\u00f3gi\u00e1i r\u00e9v\u00e9n szerzi be a Tulajdonos, amely lehet\u0151v\u00e9 teszi sz\u00e1m\u00e1ra, hogy anonimiz\u00e1lt, \u00f6sszes\u00edtett statisztik\u00e1kat kapjon a Honlap l\u00e1togatotts\u00e1g\u00e1r\u00f3l \u00e9s felhaszn\u00e1l\u00f3i viselked\u00e9sr\u0151l.<\/p><p>Fontos megjegyezni, hogy a Google Analytics \u00e1ltal gy\u0171jt\u00f6tt adatokat nem haszn\u00e1lja fel szem\u00e9lyes azonos\u00edt\u00e1sra, \u00e9s nem osztja meg harmadik felekkel szem\u00e9lyes adatk\u00e9nt. A Google Analytics haszn\u00e1lat\u00e1val kapcsolatos tov\u00e1bbi r\u00e9szletek\u00e9rt, bele\u00e9rtve az adatgy\u0171jt\u00e9s m\u00f3dj\u00e1t \u00e9s a felhaszn\u00e1l\u00f3k \u00e1ltali ellen\u0151rz\u00e9s lehet\u0151s\u00e9geit, olvassa el a Google adatv\u00e9delmi ir\u00e1nyelveit, valamint az Adatv\u00e9delmi \u00e9s Cookie t\u00e1j\u00e9koztat\u00f3nkat, ahol inform\u00e1ci\u00f3t tal\u00e1l arr\u00f3l, hogyan kezelheti cookie-be\u00e1ll\u00edt\u00e1sait.<\/p><p>Amennyiben nem szeretn\u00e9, hogy a Google Analytics inform\u00e1ci\u00f3kat gy\u0171jts\u00f6n \u00d6nr\u0151l, haszn\u00e1lhatja a Google Analytics Letilt\u00f3 B\u0151v\u00edtm\u00e9ny\u00e9t a b\u00f6ng\u00e9sz\u0151j\u00e9ben, vagy be\u00e1ll\u00edthatja a b\u00f6ng\u00e9sz\u0151je cookie-be\u00e1ll\u00edt\u00e1sait a nem k\u00edv\u00e1nt cookie-k elutas\u00edt\u00e1s\u00e1ra.<\/p><p>\u00a0\u00a0<\/p><p><strong>Hozz\u00e1j\u00e1rul\u00e1s Kezel\u00e9se<\/strong><\/p><p>A Honlap Tulajdonosa tiszteletben tartja a felhaszn\u00e1l\u00f3k szem\u00e9lyes adatainak v\u00e9delm\u00e9t \u00e9s az online mag\u00e1n\u00e9let tiszteletben tart\u00e1s\u00e1t. A cookie-k haszn\u00e1lat\u00e1val kapcsolatos hozz\u00e1j\u00e1rul\u00e1s k\u00e9r\u00e9se \u00e9s kezel\u00e9se az al\u00e1bbi m\u00f3don t\u00f6rt\u00e9nik:<\/p><p><strong>Hozz\u00e1j\u00e1rul\u00e1s K\u00e9r\u00e9se:<\/strong>\u00a0Amikor el\u0151sz\u00f6r l\u00e1togat el a Honlapra, egy felugr\u00f3 ablak (cookie banner) jelenik meg, amely t\u00e1j\u00e9koztatja \u00f6nt a cookie-k haszn\u00e1lat\u00e1r\u00f3l, \u00e9s lehet\u0151s\u00e9get biztos\u00edt a hozz\u00e1j\u00e1rul\u00e1s megad\u00e1s\u00e1ra vagy elutas\u00edt\u00e1s\u00e1ra. Ebben az ablakban v\u00e1laszthatja, hogy elfogadja az \u00f6sszes cookie-t, csak a sz\u00fcks\u00e9ges cookie-kat, vagy testreszabhatja a cookie be\u00e1ll\u00edt\u00e1sokat.<\/p><p>\u00a0<\/p><p><strong>Hozz\u00e1j\u00e1rul\u00e1s T\u00e1rol\u00e1sa:<\/strong>\u00a0Amennyiben hozz\u00e1j\u00e1rul a cookie-k haszn\u00e1lat\u00e1hoz, a Honlap egy hozz\u00e1j\u00e1rul\u00e1s kezel\u0151 cookie-t helyez el az \u00f6n eszk\u00f6z\u00e9n, amely r\u00f6gz\u00edti a hozz\u00e1j\u00e1rul\u00e1s\u00e1t. Ez a cookie lehet\u0151v\u00e9 teszi a Tulajdonos sz\u00e1m\u00e1ra, hogy ne kelljen minden egyes l\u00e1togat\u00e1skor \u00fajra megk\u00e9rdezni a hozz\u00e1j\u00e1rul\u00e1s\u00e1t. Ezt az inform\u00e1ci\u00f3t 1 \u00e9vig t\u00e1rolja a Tulajdonos.<\/p><p>\u00a0<\/p><p><strong>Hozz\u00e1j\u00e1rul\u00e1s Visszavon\u00e1sa:<\/strong>\u00a0Ha \u00fagy d\u00f6nt, hogy vissza szeretn\u00e9 vonni a cookie-k haszn\u00e1lat\u00e1hoz val\u00f3 hozz\u00e1j\u00e1rul\u00e1s\u00e1t, b\u00e1rmikor megteheti azt a Honlap alj\u00e1n tal\u00e1lhat\u00f3 \u201eCookie Be\u00e1ll\u00edt\u00e1sok\u201d-ra kattintva. Itt m\u00f3dos\u00edthatja a cookie preferenci\u00e1it, \u00e9s \u00fajra be\u00e1ll\u00edthatja a hozz\u00e1j\u00e1rul\u00e1s\u00e1t. Tov\u00e1bb\u00e1, a b\u00f6ng\u00e9sz\u0151 be\u00e1ll\u00edt\u00e1saiban is t\u00f6r\u00f6lheti a m\u00e1r elhelyezett cookie-kat, \u00e9s m\u00f3dos\u00edthatja a j\u00f6v\u0151beli cookie-k kezel\u00e9s\u00e9nek m\u00f3dj\u00e1t.<\/p><p>Bizonyos, nem alapvet\u0151 cookie-k elutas\u00edt\u00e1sa eset\u00e9n el\u0151fordulhat, hogy a Honlap bizonyos funkci\u00f3i nem lesznek teljes m\u00e9rt\u00e9kben el\u00e9rhet\u0151k. A Tulajdonos c\u00e9lja, hogy a Honlap l\u00e1togat\u00e1sa sor\u00e1n a lehet\u0151 legjobb felhaszn\u00e1l\u00f3i \u00e9lm\u00e9nyt biztos\u00edtsa, mik\u00f6zben tiszteletben tartja az adatv\u00e9delmi preferenci\u00e1it.<\/p><p><strong>Harmadik f\u00e9l \u00e1ltal ny\u00fajtott szolg\u00e1ltat\u00e1sok, Remarketing \u00e9s Facebook Pixel<\/strong><\/p><p>A Honlap Google Analytics szolg\u00e1ltat\u00e1st haszn\u00e1l az oldall\u00e1togat\u00e1sok elemz\u00e9s\u00e9re, valamint Facebook Pixel-t, hogy c\u00e9lzott hirdet\u00e9seket jelen\u00edtsen meg a Facebookon. Ezek a szolg\u00e1ltat\u00e1sok seg\u00edts\u00e9g\u00e9vel a Honlapot kor\u00e1bban megl\u00e1togat\u00f3 felhaszn\u00e1l\u00f3knak jelen\u00edtheti meg a szem\u00e9lyre szabott hirdet\u00e9seket az internet m\u00e1s r\u00e9szein \u00e9s a Facebookon.<\/p><p>A Google Analytics \u00e9s a Facebook Pixel \u00e1ltal gy\u0171jt\u00f6tt adatokat a Tulajdonos felhaszn\u00e1lja remarketing tev\u00e9kenys\u00e9gekhez is, amelyek lehet\u0151v\u00e9 teszik sz\u00e1m\u00e1ra, hogy c\u00e9lzott hirdet\u00e9seket jelen\u00edtsen meg:<\/p><p><strong>Google:<\/strong>\u00a0A Google hirdet\u00e9si h\u00e1l\u00f3zat\u00e1ban, az \u00f6n kor\u00e1bbi Honlal\u00e1togat\u00e1sai alapj\u00e1n relev\u00e1ns aj\u00e1nlatokat \u00e9s inform\u00e1ci\u00f3kat tartalmaz\u00f3 hirdet\u00e9sek form\u00e1j\u00e1ban.<\/p><p><strong>Facebook:<\/strong>\u00a0A Facebookon, ahol a Pixel seg\u00edts\u00e9g\u00e9vel az \u00f6n \u00e9rdekl\u0151d\u00e9s\u00e9hez illeszked\u0151 hirdet\u00e9seket jelen\u00edthet meg.<\/p><p>Ezek a hirdet\u00e9sek az \u00f6n \u00e1ltal, a Honlapon v\u00e9gzett tev\u00e9kenys\u00e9gei alapj\u00e1n jelennek meg, \u00e9s c\u00e9ljuk, hogy relev\u00e1ns tartalmat ny\u00fajtsanak. Mind a Google, mind a Facebook hirdet\u00e9si gyakorlatai megfelelnek az adott platform adatv\u00e9delmi elveinek.<\/p><p>Amennyiben nem szeretne r\u00e9szt venni a remarketing tev\u00e9kenys\u00e9gekben, lehet\u0151s\u00e9ge van leiratkozni:<\/p><p><strong>Google:<\/strong>\u00a0Kikapcsolhatja a Google Analytics hirdet\u00e9si be\u00e1ll\u00edt\u00e1sait, m\u00f3dos\u00edthatja a Google Hirdet\u00e9si Be\u00e1ll\u00edt\u00e1sokat \u00e9s haszn\u00e1lhatja a Google Analytics Letilt\u00f3 B\u0151v\u00edtm\u00e9ny\u00e9t.<\/p><p><strong>Facebook:<\/strong>\u00a0M\u00f3dos\u00edthatja a hirdet\u00e9si preferenci\u00e1it k\u00f6zvetlen\u00fcl a Facebookon a Hirdet\u00e9si Be\u00e1ll\u00edt\u00e1sok alatt.<\/p><p><strong>Az adatkezel\u00e9s id\u0151tartama<\/strong><\/p><p>Az adott cookie adatt\u00e1rol\u00e1si id\u0151tartama, b\u0151vebb inform\u00e1ci\u00f3 el\u00e9rhet\u0151 itt:<\/p><p><strong>Google \u00e1ltal\u00e1nos cookie t\u00e1j\u00e9koztat\u00f3:<\/strong><\/p><p><a href=\"https:\/\/www.google.com\/policies\/technologies\/types\/\" target=\"_blank\" rel=\"noopener\">https:\/\/www.google.com\/policies\/technologies\/types\/<\/a><\/p><p><strong>Google Analitycs t\u00e1j\u00e9koztat\u00f3:<\/strong><\/p><p><a href=\"https:\/\/developers.google.com\/analytics\/devguides\/collection\/analyticsjs\/cookie-usage?hl=hu\" target=\"_blank\" rel=\"noopener\">https:\/\/developers.google.com\/analytics\/devguides\/collection\/analyticsjs\/cookie-usage?hl=hu<\/a><\/p><p><strong>Facebook t\u00e1j\u00e9koztat\u00f3:<\/strong><\/p><p><a href=\"https:\/\/www.facebook.com\/ads\/preferences\/?entry_product=ad_settings_screen\" target=\"_blank\" rel=\"noopener\">https:\/\/www.facebook.com\/ads\/preferences\/?entry_product=ad_settings_screen<\/a><\/p><p>\u00a0<\/p><p><strong>Jogorvoslati lehet\u0151s\u00e9gek<\/strong><\/p><p>Amennyiben \u00fagy \u00e9rezn\u00e9, hogy szem\u00e9lyes adatainak kezel\u00e9se nem felel meg az adatv\u00e9delmi szab\u00e1lyoz\u00e1snak, vagy jogait megs\u00e9rtett\u00e9k, jog\u00e1ban \u00e1ll panaszt tenni a megfelel\u0151 fel\u00fcgyeleti hat\u00f3s\u00e1gn\u00e1l. Magyarorsz\u00e1gon ez a hat\u00f3s\u00e1g a Nemzeti Adatv\u00e9delmi \u00e9s Inform\u00e1ci\u00f3szabads\u00e1g Hat\u00f3s\u00e1g (NAIH).<\/p><p><strong>El\u00e9rhet\u0151s\u00e9gek:<\/strong><\/p><p>Sz\u00e9khely: 1055 Budapest, Falk Miksa utca 9-11.<\/p><p>Postac\u00edm: 1363 Budapest, Pf. 9.<\/p><p>Telefon: +36 (1) 391-1400<\/p><p>Fax: +36 (1) 391-1410<\/p><p>E-mail:\u00a0<a href=\"mailto:ugyfelszolgalat@naih.hu\">ugyfelszolgalat@naih.hu<\/a>\u200b\u200b<\/p><p>\u00a0<\/p><p>A panasz beny\u00fajt\u00e1sa el\u0151tt javasoljuk, hogy l\u00e9pjen kapcsolatba a Tulajdonossal, hogy lehet\u0151s\u00e9g\u00fck legyen a probl\u00e9ma megold\u00e1s\u00e1ra. Amennyiben a bels\u0151 megbesz\u00e9l\u00e9s nem vezet eredm\u00e9nyre, vagy tov\u00e1bbi tan\u00e1csra van sz\u00fcks\u00e9ge, keresse fel a fent eml\u00edtett hat\u00f3s\u00e1got.<\/p><p><strong>A t\u00e1j\u00e9koztat\u00f3, nyilatkozat m\u00f3dos\u00edt\u00e1sa.<\/strong><\/p><p>A Tulajdonos jogosult az Adatkezel\u00e9si t\u00e1j\u00e9koztat\u00f3t \u00e9s nyilatkozatot egyoldal\u00faan m\u00f3dos\u00edtani.<\/p><p>Amennyiben a Tulajdonos saj\u00e1t maga, vagy jogszab\u00e1ly ig\u00e9nye alapj\u00e1n a jelen oldalt m\u00f3dos\u00edtja, azt a honlapj\u00e1n k\u00f6zz\u00e9teszi \u2013 friss\u00edti, a m\u00f3dos\u00edt\u00e1s a k\u00f6zz\u00e9t\u00e9telt\u0151l hat\u00e1lyos \u00e9s automatikusan \u00e9letbe l\u00e9p.<\/p><p>2025.11.04.<\/p>\t\t\t\t\t\t\t\t<\/div>\n\t\t\t\t<\/div>\n\t\t\t\t\t<\/div>\n\t\t\t\t<\/div>\n\t\t<div data-particle_enable=\"false\" data-particle-mobile-disabled=\"false\" class=\"elementor-element elementor-element-609b70a e-flex e-con-boxed wpr-particle-no wpr-jarallax-no wpr-parallax-no wpr-sticky-section-no wpr-equal-height-no e-con e-parent\" data-id=\"609b70a\" data-element_type=\"container\" data-e-type=\"container\" data-settings=\"{&quot;background_background&quot;:&quot;classic&quot;}\">\n\t\t\t\t\t<div class=\"e-con-inner\">\n\t\t\t\t<div class=\"elementor-element elementor-element-42c9397 elementor-widget elementor-widget-text-editor\" data-id=\"42c9397\" data-element_type=\"widget\" data-e-type=\"widget\" data-widget_type=\"text-editor.default\">\n\t\t\t\t\t\t\t\t\t<h1 style=\"text-align: center;\"><strong>P\u00e1lfi Cargo Kft<\/strong>.<\/h1><h4 style=\"text-align: center;\">Megb\u00edzhat\u00f3s\u00e1g, amit \u00faton-\u00fatf\u00e9len tapasztalhat.<\/h4>\t\t\t\t\t\t\t\t<\/div>\n\t\t\t\t<div class=\"elementor-element elementor-element-f89fcb0 elementor-align-center elementor-widget elementor-widget-button\" data-id=\"f89fcb0\" data-element_type=\"widget\" data-e-type=\"widget\" data-widget_type=\"button.default\">\n\t\t\t\t\t\t\t\t\t\t<a class=\"elementor-button elementor-button-link elementor-size-sm\" href=\"https:\/\/www.palficargo.hu\/arajanlat\">\n\t\t\t\t\t\t<span class=\"elementor-button-content-wrapper\">\n\t\t\t\t\t\t\t\t\t<span class=\"elementor-button-text\">Express \u00e1raj\u00e1nlat<\/span>\n\t\t\t\t\t<\/span>\n\t\t\t\t\t<\/a>\n\t\t\t\t\t\t\t\t<\/div>\n\t\t\t\t\t<\/div>\n\t\t\t\t<\/div>\n\t\t\t\t<\/div>\n\t\t","protected":false},"excerpt":{"rendered":"<p>Adatv\u00e9delmi t\u00e1j\u00e9koztat\u00f3 Adatv\u00e9delmi t\u00e1j\u00e9koztat\u00f3 \u00a0Preambulum A Tulajdonos kiemelt figyelmet ford\u00edt arra, hogy adatkezel\u00e9se sor\u00e1n\u00a0az inform\u00e1ci\u00f3s \u00f6nrendelkez\u00e9si jogr\u00f3l \u00e9s az inform\u00e1ci\u00f3szabads\u00e1gr\u00f3l sz\u00f3l\u00f3 2011. \u00e9vi CXII. t\u00f6rv\u00e9nynek, az egy\u00e9b jogszab\u00e1lyoknak, a Nemzeti Adatv\u00e9delmi \u00e9s Inform\u00e1ci\u00f3szabads\u00e1g Hat\u00f3s\u00e1g\u00a0(\u201eHat\u00f3s\u00e1g\u201d)\u00a0tev\u00e9kenys\u00e9ge sor\u00e1n kialakult adatv\u00e9delmi gyakorlatnak megfelel\u0151en, valamint az adatv\u00e9delemhez kapcsol\u00f3d\u00f3 fontosabb nemzetk\u00f6zi aj\u00e1nl\u00e1sokat is figyelembe v\u00e9ve j\u00e1rjon el. A Tulajdonos ez\u00faton t\u00e1j\u00e9koztatja az \u00fcgyfeleit, valamint Honlapj\u00e1nak l\u00e1togat\u00f3it az \u00e1ltala a Honlappal \u00f6sszef\u00fcgg\u00e9sben kezelt szem\u00e9lyes adatokr\u00f3l, a szem\u00e9lyes adatok kezel\u00e9se k\u00f6r\u00e9ben k\u00f6vetett gyakorlat\u00e1r\u00f3l, a szem\u00e9lyes adatok v\u00e9delme \u00e9rdek\u00e9ben tett szervez\u00e9si \u00e9s technikai int\u00e9zked\u00e9seir\u0151l, valamint az \u00e9rintettek jogai gyakorl\u00e1s\u00e1nak m\u00f3dj\u00e1r\u00f3l \u00e9s lehet\u0151s\u00e9geir\u0151l. A Tulajdonos, azaz az adatkezel\u0151 adatai: C\u00e9gn\u00e9v: P\u00e1lfi Cargo Kft Sz\u00e9khely: 5244 Tiszasz\u0151l\u0151s, F\u0151 \u00fat 62. C\u00e9gjegyz\u00e9k sz\u00e1m: 16 09 021305 Ad\u00f3sz\u00e1m: 32162459-1-16 \u00dcgyvezet\u0151: P\u00e1lfi P\u00e9ter Webc\u00edm: https:\/\/www.palficargo.hu Elektronikus el\u00e9rhet\u0151s\u00e9g: palficargo@gmail.com Telefonos el\u00e9rhet\u0151s\u00e9g: +3670\/290-8578 \u00a0 Az adatkezel\u00e9s c\u00e9lja, jogalapja, terjedelme, id\u0151tartama \u00e9s a kezelt szem\u00e9lyes adatok k\u00f6re A Tulajdonos kezeli a Honlapj\u00e1nak felkeres\u00e9se sor\u00e1n, az internetes kapcsolat l\u00e9tes\u00edt\u00e9s\u00e9re \u00e9s fenntart\u00e1s\u00e1ra tekintettel a haszn\u00e1lt b\u00f6ng\u00e9sz\u0151program t\u00edpus\u00e1val, az internetprotokoll-c\u00edmmel (IP-c\u00edm, portsz\u00e1m), a dom\u00e9nn\u00e9vvel (URL), a l\u00e1togat\u00e1s d\u00e1tum\u00e1val \u00e9s a megtekintett oldalak list\u00e1j\u00e1val kapcsolatosan automatikusan k\u00e9pz\u0151d\u0151 szem\u00e9lyes adatnak min\u0151s\u00fcl\u0151 technikai adatokat (napl\u00f3z\u00e1si adatok). Az adatkezel\u00e9s c\u00e9lja a Honlap fejleszt\u00e9s\u00e9hez, a l\u00e1togatotts\u00e1ggal \u00e9s haszn\u00e1lattal kapcsolatos elemz\u00e9sek elv\u00e9gz\u00e9s\u00e9hez sz\u00fcks\u00e9ges statisztikai inform\u00e1ci\u00f3k gy\u0171jt\u00e9se (statisztikai c\u00e9l), valamint az esetleges vissza\u00e9l\u00e9sek megakad\u00e1lyoz\u00e1sa, tov\u00e1bb\u00e1 felder\u00edt\u00e9s\u00e9nek lehet\u0151v\u00e9 t\u00e9tele (inform\u00e1ci\u00f3biztons\u00e1gi c\u00e9l). A Tulajdonos a Honlap l\u00e1togat\u00e1s\u00e1val kapcsolatos napl\u00f3z\u00e1si adatokat inform\u00e1ci\u00f3biztons\u00e1gi c\u00e9lra k\u00e9t \u00e9vig, statisztikai c\u00e9lra egy \u00e9vig kezeli. A Tulajdonos Honlapj\u00e1n cookie-kat \u2013 az \u00e9rintett sz\u00e1m\u00edt\u00f3g\u00e9p\u00e9re telep\u00fcl\u0151 inform\u00e1ci\u00f3csomagokat \u2013 haszn\u00e1l a Honlap l\u00e1togat\u00e1s\u00e1val kapcsolatos adatok gy\u0171jt\u00e9se \u00e9rdek\u00e9ben, amennyiben ezt az \u00e9rintett a b\u00f6ng\u00e9sz\u0151j\u00e9nek be\u00e1ll\u00edt\u00e1s\u00e1val lehet\u0151v\u00e9 teszi. A cookie-k telep\u00edt\u00e9s\u00e9t az \u00e9rintett \u2013 a sz\u00e1m\u00edt\u00f3g\u00e9pe be\u00e1ll\u00edt\u00e1sainak megv\u00e1ltoztat\u00e1s\u00e1val \u2013 megtilthatja, illetve a haszn\u00e1lat sor\u00e1n telep\u00fclt cookie-kat a sz\u00e1m\u00edt\u00f3g\u00e9p\u00e9r\u0151l b\u00e1rmikor elt\u00e1vol\u00edthatja. A cookie-k alkalmaz\u00e1s\u00e1nak c\u00e9lja a Honlap fejleszt\u00e9s\u00e9hez, a l\u00e1togatotts\u00e1ggal \u00e9s haszn\u00e1lattal kapcsolatos elemz\u00e9sekhez sz\u00fcks\u00e9ges statisztikai inform\u00e1ci\u00f3k gy\u0171jt\u00e9se. A cookie-k lenyomatai egyedi honlap-b\u00f6ng\u00e9sz\u00e9shez nem k\u00f6thet\u0151k, azokb\u00f3l kiz\u00e1r\u00f3lag statisztikai c\u00e9l\u00fa, anonim adatok nyerhet\u0151k ki, amelyekb\u0151l a Honlap tov\u00e1bbi fejleszt\u00e9s\u00e9hez sz\u00fcks\u00e9ges trendek rajzolhat\u00f3k fel. A Honlap haszn\u00e1lat\u00e1t el\u0151seg\u00edt\u0151 ideiglenes \u00e9s min\u0151s\u00edt\u0151 c\u00e9l\u00fa cookie az adott munkafolyamat \u2013 a b\u00f6ng\u00e9sz\u00e9s \u2013 v\u00e9g\u00e9n t\u00f6rl\u0151dik, a funkcion\u00e1lis c\u00e9l\u00fa cookie negyed \u00e9vig, a statisztikai c\u00e9l\u00fa cookie k\u00e9t \u00e9vig t\u00e1rol\u00f3dik az \u00e9rintett sz\u00e1m\u00edt\u00f3g\u00e9p\u00e9n, amennyiben azt nem t\u00e1vol\u00edtja el kor\u00e1bban. Az adatkezel\u00e9s jogalapja mind a napl\u00f3z\u00e1si adatok, mind a cookie-k eset\u00e9ben az \u00e9rintett hozz\u00e1j\u00e1rul\u00e1sa [Infotv. 5. \u00a7 (1) bekezd\u00e9s a) pontja, az adatkezel\u00e9s id\u0151tartama tekintet\u00e9ben az Infotv. 6. \u00a7 (5) bekezd\u00e9se alapj\u00e1n is]. A Honlapon t\u00f6rt\u00e9n\u0151 aj\u00e1nlatk\u00e9r\u00e9s vagy visszah\u00edv\u00e1si k\u00e9relem sor\u00e1n a megadott szem\u00e9lyes adatok (n\u00e9v, telefonsz\u00e1m, email c\u00edm) kezel\u00e9s\u00e9nek c\u00e9lja, hogy lehet\u0151v\u00e9 tegy\u00e9k a Tulajdonos sz\u00e1m\u00e1ra, hogy kapcsolatba l\u00e9pjen \u00f6n\u00f6kkel: v\u00e1laszoljon az \u00e9rdekl\u0151d\u00e9s\u00fckre, a k\u00e9rd\u00e9seikre, megk\u00fcldje \u00f6n\u00f6knek a k\u00e9rt inform\u00e1ci\u00f3kat, illetve aj\u00e1nlatokat tegyen szolg\u00e1ltat\u00e1sair\u00f3l. Az adatkezel\u00e9s jogalapja az \u00f6n hozz\u00e1j\u00e1rul\u00e1sa, amelyet a Tulajdonos Honlapj\u00e1n kereszt\u00fcl t\u00f6rt\u00e9n\u0151 adatmegad\u00e1ssal ad meg (GDPR 6. cikk (1) bekezd\u00e9s\u00e9nek a) pontja), valamint a szolg\u00e1ltat\u00e1saival kapcsolatos szerz\u0151d\u00e9s el\u0151k\u00e9sz\u00edt\u00e9se \u00e9s teljes\u00edt\u00e9se (GDPR 6. cikk (1) bekezd\u00e9s\u00e9nek b) pontja). \u00d6nnek jog\u00e1ban \u00e1ll b\u00e1rmikor visszavonni hozz\u00e1j\u00e1rul\u00e1s\u00e1t az adatkezel\u00e9shez, azonban ez nem \u00e9rinti a visszavon\u00e1s el\u0151tti adatkezel\u00e9s jogszer\u0171s\u00e9g\u00e9t. Vegye figyelembe, hogy bizonyos esetekben az \u00d6n hozz\u00e1j\u00e1rul\u00e1s\u00e1nak visszavon\u00e1sa eset\u00e9n a Tulajdonos nem tudja biztos\u00edtani a k\u00e9rdezett szolg\u00e1ltat\u00e1sokat. Az \u00d6n \u00e1ltal megadott szem\u00e9lyes adatokat csak az adott c\u00e9lb\u00f3l haszn\u00e1lja fel a Tulajdonos, \u00e9s nem osztja meg harmadik felekkel, kiv\u00e9ve, ha erre jogszab\u00e1ly k\u00f6telezi, vagy ha az adott szolg\u00e1ltat\u00e1s teljes\u00edt\u00e9s\u00e9hez elengedhetetlen\u00fcl sz\u00fcks\u00e9ges. Gy\u0171jt\u00f6tt adatok t\u00edpusai A Honlap \u00e9s a szolg\u00e1ltat\u00e1sok ig\u00e9nybev\u00e9tele sor\u00e1n az al\u00e1bbi szem\u00e9lyes adatokat gy\u0171jti a Tulajdonos az \u00f6n \u00e1ltal megadott inform\u00e1ci\u00f3k, valamint a telefonos kapcsolatfelv\u00e9tel alkalm\u00e1val: N\u00e9v:\u00a0Az \u00f6n teljes neve, amelyet a Honlapon kereszt\u00fcli \u0171rlapok kit\u00f6lt\u00e9sekor vagy telefonos kapcsolatfelv\u00e9telkor ad meg, lehet\u0151v\u00e9 t\u00e9ve a Tulajdonos sz\u00e1m\u00e1ra, hogy szem\u00e9lyre szabottan kommunik\u00e1ljon \u00f6nnel. E-mail c\u00edm:\u00a0Az \u00f6n elektronikus levelez\u00e9si c\u00edme, amelyet a Honlapon tal\u00e1lhat\u00f3 \u0171rlapokon kereszt\u00fcl vagy telefonon kereszt\u00fcl adhat meg, amelyet az\u00e9rt haszn\u00e1l a Tulajdonos, hogy kapcsolatba l\u00e9pjen \u00d6nnel, v\u00e1laszoljon \u00e9rdekl\u0151d\u00e9s\u00e9re, \u00e9s inform\u00e1ci\u00f3kat, valamint aj\u00e1nlatokat k\u00fcldj\u00f6n. Telefonsz\u00e1m:\u00a0Az \u00f6n telefonos el\u00e9rhet\u0151s\u00e9ge, amelyet a weboldal \u0171rlapjain vagy telefonon kereszt\u00fcl k\u00f6z\u00f6lhet a Tulajdonossal. Ezt az inform\u00e1ci\u00f3t arra haszn\u00e1lja, hogy telefonon felvegye \u00d6nnel a kapcsolatot, v\u00e1laszoljon a k\u00e9rd\u00e9seire, vagy t\u00e1j\u00e9koztassa a szolg\u00e1ltat\u00e1sair\u00f3l. Ezen adatok gy\u0171jt\u00e9s\u00e9nek \u00e9s kezel\u00e9s\u00e9nek c\u00e9lja az, hogy megk\u00f6nny\u00edtse a kommunik\u00e1ci\u00f3t \u00f6n \u00e9s a Tulajdonos k\u00f6z\u00f6tt, lehet\u0151v\u00e9 t\u00e9ve, hogy hat\u00e9konyan reag\u00e1ljon a Tulajdonos az aj\u00e1nlatk\u00e9r\u00e9sekre, \u00e9rdekl\u0151d\u00e9sekre, \u00e9s szem\u00e9lyre szabott inform\u00e1ci\u00f3kkal szolg\u00e1ljon. Az adatgy\u0171jt\u00e9s minden esetben az \u00f6n \u00f6nk\u00e9ntes hozz\u00e1j\u00e1rul\u00e1s\u00e1n alapul, amelyet az adatok megad\u00e1s\u00e1val fejez ki. A Tulajdonos biztos\u00edtja \u00f6nt, hogy a gy\u0171jt\u00f6tt szem\u00e9lyes adatokat bizalmasan kezeli, nem osztja meg illet\u00e9ktelen harmadik felekkel, \u00e9s csak az adott c\u00e9lb\u00f3l haszn\u00e1lja fel, amelyr\u0151l ebben a dokumentumban t\u00e1j\u00e9koztat\u00e1st kap. Az adatkezel\u00e9s id\u0151tartama A Honlapon kereszt\u00fcl, vagy telefonon t\u00f6rt\u00e9n\u0151 aj\u00e1nlatk\u00e9r\u00e9s sor\u00e1n megadott szem\u00e9lyes adatokat \u2013 bele\u00e9rtve a nevet, e-mail c\u00edmet \u00e9s telefonsz\u00e1mot \u2013 a Tulajdonos c\u00e9ljai el\u00e9r\u00e9s\u00e9hez sz\u00fcks\u00e9ges ideig, de legfeljebb 1 \u00e9vig t\u00e1rolja. Ez az id\u0151szak lehet\u0151v\u00e9 teszi a Tulajdonos sz\u00e1m\u00e1ra, hogy k\u00e9s\u0151bbi megrendel\u00e9sek eset\u00e9n visszat\u00e9rhessen a kor\u00e1bbi aj\u00e1nlatokhoz, \u00edgy hat\u00e9konyabban tudja kezelni az \u00faj megrendel\u00e9seket. Amennyiben az aj\u00e1nlatk\u00e9r\u00e9sb\u0151l szerz\u0151d\u00e9s j\u00f6n l\u00e9tre, a szerz\u0151d\u00e9ssel kapcsolatos adatokat \u2013 a hat\u00e9kony \u00fcgyf\u00e9lkezel\u00e9s \u00e9s a megrendel\u00e9sek nyomon k\u00f6vet\u00e9se \u00e9rdek\u00e9ben \u2013 5 \u00e9vig \u0151riz meg a Tulajdonos. Ez az id\u0151szak \u00f6sszhangban \u00e1ll a jogi k\u00f6vetelm\u00e9nyekkel \u00e9s biztos\u00edtja, hogy minden relev\u00e1ns inform\u00e1ci\u00f3 rendelkez\u00e9sre \u00e1lljon a szerz\u0151d\u00e9ses kapcsolatokkal kapcsolatos esetleges k\u00e9rd\u00e9sek vagy vit\u00e1k eset\u00e9n. A sz\u00e1ml\u00e1kkal \u00e9s egy\u00e9b sz\u00e1mviteli dokumentumokkal kapcsolatos adatokat a sz\u00e1mviteli t\u00f6rv\u00e9ny el\u0151\u00edr\u00e1sainak megfelel\u0151en kezeli a Tulajdonos, ami azt jelenti, hogy ezeket az inform\u00e1ci\u00f3kat a t\u00f6rv\u00e9ny \u00e1ltal el\u0151\u00edrt id\u0151tartamig \u0151rzi meg. Adatok t\u00f6rl\u00e9se Az aj\u00e1nlatk\u00e9r\u00e9s sor\u00e1n megadott szem\u00e9lyes adatok t\u00f6rl\u00e9se, az adatok gy\u0171jt\u00e9s\u00e9t\u0151l sz\u00e1m\u00edtott 1 \u00e9v eltelt\u00e9vel t\u00f6rt\u00e9nik. Ezt a folyamatot a Tulajdonos manu\u00e1lisan v\u00e9gzi, mind az e-mailekb\u0151l, mind az aj\u00e1nlatk\u00e9r\u0151 rendszerb\u0151l t\u00f6rt\u00e9n\u0151 t\u00f6rl\u00e9ssel. A pap\u00edr alapon t\u00e1rolt szerz\u0151d\u00e9sek \u00e9s kapcsol\u00f3d\u00f3 dokumentumok iratmegsemmis\u00edt\u00e9ssel t\u00f6rt\u00e9n\u0151 t\u00f6rl\u00e9se 5 \u00e9v eltelt\u00e9vel val\u00f3sul meg, biztos\u00edtva ezzel az adatv\u00e9delmi el\u0151\u00edr\u00e1soknak val\u00f3 megfelel\u00e9st \u00e9s az \u00e9rintettek szem\u00e9lyes adatainak v\u00e9delm\u00e9t. Adatfeldolgoz\u00f3k Az \u00d6n szem\u00e9lyes adatainak v\u00e9delme \u00e9rdek\u00e9ben a Tulajdonos szigor\u00faan v\u00e1logatja meg azokat a szolg\u00e1ltat\u00f3kat, akikkel egy\u00fcttm\u0171k\u00f6dik \u00e9s akik hozz\u00e1f\u00e9rhetnek az adatokhoz. Webt\u00e1rhely szolg\u00e1ltat\u00f3:\u00a0Websupport Magyarorsz\u00e1g Kft. (kor\u00e1bbi c\u00e9gneve: Webonic Kft.) Sz\u00e9khely: 1119 Budapest, Feh\u00e9rv\u00e1ri \u00fat 97-99. E-mail: support@websupport.hu Telefonsz\u00e1m: +36 22 78 76 74 Webc\u00edm: https:\/\/www.websupport.hu\/ Ad\u00f3sz\u00e1m: 25138205-2-43 C\u00e9gjegyz\u00e9ksz\u00e1m: 01-09-381419 A webt\u00e1rhely szolg\u00e1ltat\u00f3 hostolja a Tulajdonos weboldal\u00e1t, \u00e9s gondoskodik annak zavartalan m\u0171k\u00f6d\u00e9s\u00e9r\u0151l. Adatkezel\u0151k\u00e9nt az<\/p>\n","protected":false},"author":1,"featured_media":0,"parent":0,"menu_order":0,"comment_status":"closed","ping_status":"closed","template":"elementor_canvas","meta":{"footnotes":""},"class_list":["post-5293","page","type-page","status-publish","hentry"],"acf":[],"_links":{"self":[{"href":"https:\/\/www.palficargo.hu\/en\/wp-json\/wp\/v2\/pages\/5293","targetHints":{"allow":["GET"]}}],"collection":[{"href":"https:\/\/www.palficargo.hu\/en\/wp-json\/wp\/v2\/pages"}],"about":[{"href":"https:\/\/www.palficargo.hu\/en\/wp-json\/wp\/v2\/types\/page"}],"author":[{"embeddable":true,"href":"https:\/\/www.palficargo.hu\/en\/wp-json\/wp\/v2\/users\/1"}],"replies":[{"embeddable":true,"href":"https:\/\/www.palficargo.hu\/en\/wp-json\/wp\/v2\/comments?post=5293"}],"version-history":[{"count":14,"href":"https:\/\/www.palficargo.hu\/en\/wp-json\/wp\/v2\/pages\/5293\/revisions"}],"predecessor-version":[{"id":5320,"href":"https:\/\/www.palficargo.hu\/en\/wp-json\/wp\/v2\/pages\/5293\/revisions\/5320"}],"wp:attachment":[{"href":"https:\/\/www.palficargo.hu\/en\/wp-json\/wp\/v2\/media?parent=5293"}],"curies":[{"name":"wp","href":"https:\/\/api.w.org\/{rel}","templated":true}]}}