{"id":5321,"date":"2026-01-05T07:33:39","date_gmt":"2026-01-05T06:33:39","guid":{"rendered":"https:\/\/www.palficargo.hu\/?page_id=5321"},"modified":"2026-03-31T07:50:33","modified_gmt":"2026-03-31T05:50:33","slug":"aszf","status":"publish","type":"page","link":"https:\/\/www.palficargo.hu\/en\/aszf","title":{"rendered":"\u00c1SZF"},"content":{"rendered":"<div data-elementor-type=\"wp-page\" data-elementor-id=\"5321\" class=\"elementor elementor-5321\" data-elementor-post-type=\"page\">\n\t\t\t\t<div data-particle_enable=\"false\" data-particle-mobile-disabled=\"false\" class=\"elementor-element elementor-element-3c4d4e9 e-flex e-con-boxed wpr-particle-no wpr-jarallax-no wpr-parallax-no wpr-sticky-section-no wpr-equal-height-no e-con e-parent\" data-id=\"3c4d4e9\" data-element_type=\"container\" data-e-type=\"container\" data-settings=\"{&quot;background_background&quot;:&quot;classic&quot;}\">\n\t\t\t\t\t<div class=\"e-con-inner\">\n\t\t<div data-particle_enable=\"false\" data-particle-mobile-disabled=\"false\" class=\"elementor-element elementor-element-93d5140 e-con-full e-flex wpr-particle-no wpr-jarallax-no wpr-parallax-no wpr-sticky-section-no wpr-equal-height-no e-con e-child\" data-id=\"93d5140\" data-element_type=\"container\" data-e-type=\"container\">\n\t\t\t\t<div class=\"elementor-element elementor-element-105f6cf elementor-widget elementor-widget-heading\" data-id=\"105f6cf\" data-element_type=\"widget\" data-e-type=\"widget\" data-widget_type=\"heading.default\">\n\t\t\t\t\t<h2 class=\"elementor-heading-title elementor-size-default\">\u00c1SZF<\/h2>\t\t\t\t<\/div>\n\t\t\t\t<\/div>\n\t\t\t\t\t<\/div>\n\t\t\t\t<\/div>\n\t\t<div data-particle_enable=\"false\" data-particle-mobile-disabled=\"false\" class=\"elementor-element elementor-element-53598ce e-flex e-con-boxed wpr-particle-no wpr-jarallax-no wpr-parallax-no wpr-sticky-section-no wpr-equal-height-no e-con e-parent\" data-id=\"53598ce\" data-element_type=\"container\" data-e-type=\"container\">\n\t\t\t\t\t<div class=\"e-con-inner\">\n\t\t<div data-particle_enable=\"false\" data-particle-mobile-disabled=\"false\" class=\"elementor-element elementor-element-ba89b87 e-con-full e-flex wpr-particle-no wpr-jarallax-no wpr-parallax-no wpr-sticky-section-no wpr-equal-height-no e-con e-child\" data-id=\"ba89b87\" data-element_type=\"container\" data-e-type=\"container\">\n\t\t\t\t<div class=\"elementor-element elementor-element-ea54de4 elementor-widget elementor-widget-text-editor\" data-id=\"ea54de4\" data-element_type=\"widget\" data-e-type=\"widget\" data-widget_type=\"text-editor.default\">\n\t\t\t\t\t\t\t\t\t<h2><strong>\u00c1SZF<\/strong><\/h2><p>Minden \u00e1raj\u00e1nlat visszaigazol\u00e1sa \u00e9s megrendel\u00e9se eset\u00e9n a V\u00e1llalkoz\u00f3 elfogadottnak tekinti a jelen \u00e1ltal\u00e1nos szerz\u0151d\u00e9si felt\u00e9teleit (\u201e\u00c1SZF\u201d) a Megrendel\u0151k r\u00e9sz\u00e9r\u0151l.<\/p><p><strong>V\u00e1llalkoz\u00f3<\/strong><\/p><p><strong>P\u00e1lfi Cargo<\/strong> <strong>Korl\u00e1tolt Felel\u0151ss\u00e9g\u0171 T\u00e1rsas\u00e1g<\/strong>\u00a0sz\u00e9khely: 5244 Tiszasz\u0151l\u0151s, F\u0151 \u00fat 62., c\u00e9gjegyz\u00e9ksz\u00e1m: 16 09 021305, ad\u00f3sz\u00e1m: 32162459-1-16, k\u00e9pvisel\u0151: P\u00e1lfi P\u00e9ter, mint v\u00e1llalkoz\u00f3 \u201e<strong>V\u00e1llalkoz\u00f3<\/strong>)\u201d.<\/p><p><strong>Megrendel\u0151<\/strong><\/p><p>Minden, a V\u00e1llalkoz\u00f3 szolg\u00e1ltat\u00e1sait ig\u00e9nybe vev\u0151, illetve azokat megrendel\u0151 jogi szem\u00e9ly vagy jogi szem\u00e9lyis\u00e9ggel nem rendelkez\u0151 szervezet, illetve mag\u00e1nszem\u00e9ly (\u201e<strong>Megrendel\u0151<\/strong>\u201d, V\u00e1llalkoz\u00f3 \u00e9s Megrendel\u0151 egy\u00fcttesen a \u201e<strong>Felek<\/strong>\u201d).<\/p><p><strong>A szerz\u0151d\u00e9s t\u00e1rgya<\/strong><\/p><p>Megrendel\u0151 megrendeli, V\u00e1llalkoz\u00f3 pedig a Felek k\u00f6z\u00f6tt meghat\u00e1rozott egyedi megrendel\u00e9sben (\u201e<strong>Egyedi Megrendel\u00e9s<\/strong>\u201d) meghat\u00e1rozott d\u00edjaz\u00e1s ellen\u00e9ben \u00e9s hat\u00e1rid\u0151re elv\u00e1llalja a Megrendel\u0151 Ing\u00f3s\u00e1gainak (\u201e<strong>Ing\u00f3s\u00e1gok<\/strong>\u201d) belf\u00f6ldi vagy nemzetk\u00f6zi elk\u00f6lt\u00f6ztet\u00e9s\u00e9t.<\/p><p>A V\u00e1llalkoz\u00f3 \u00e1ltal ny\u00fajtand\u00f3 szolg\u00e1ltat\u00e1s mag\u00e1ban foglalja &#8211; a k\u00f6lt\u00f6ztet\u00e9s teljes\u00edt\u00e9s\u00e9hez sz\u00fcks\u00e9ges er\u0151forr\u00e1sok biztos\u00edt\u00e1s\u00e1val &#8211; az Ing\u00f3s\u00e1gok rakod\u00e1s\u00e1t, sz\u00e1ll\u00edt\u00e1s\u00e1t, \u00e9s sz\u00fcks\u00e9g eset\u00e9n az Egyedi Megrendel\u00e9sben foglaltak szerint (k\u00fcl\u00f6n d\u00edj ellen\u00e9ben) csomagol\u00f3anyag, illetve dobozok rendelkez\u00e9sre bocs\u00e1t\u00e1s\u00e1t, valamint a b\u00fatorok sz\u00e9t- \u00e9s\/vagy \u00f6sszeszerel\u00e9s\u00e9t<\/p><p>A V\u00e1llalkoz\u00f3 \u00e1ltal ny\u00fajtott k\u00f6lt\u00f6ztet\u00e9sek fajt\u00e1i:<\/p><p><strong>Domestic moving<\/strong>: Magyarorsz\u00e1g k\u00f6zigazgat\u00e1si hat\u00e1rain bel\u00fcl t\u00f6rt\u00e9n\u0151 sz\u00e1ll\u00edt\u00e1si feladatok elv\u00e9gz\u00e9se (lakoss\u00e1gi vagy irodak\u00f6lt\u00f6ztet\u00e9s), ezen bel\u00fcl egy adott helys\u00e9gen, v\u00e1roson bel\u00fcli k\u00f6lt\u00f6ztet\u00e9s (helys\u00e9gen bel\u00fcli k\u00f6lt\u00f6ztet\u00e9s), valamint m\u00e1s v\u00e1rosba, vid\u00e9kre t\u00f6rt\u00e9n\u0151 k\u00f6lt\u00f6ztet\u00e9s (vid\u00e9ki k\u00f6lt\u00f6ztet\u00e9s: ha a lerakod\u00e1si \u00e9s a felrakod\u00e1si c\u00edm k\u00f6z\u00f6tt t\u00f6bb, mint 60 km a t\u00e1vols\u00e1g).<\/p><p><strong>Nemzetk\u00f6zi k\u00f6lt\u00f6ztet\u00e9s<\/strong>: Sz\u00e1ll\u00edt\u00e1si feladatok elv\u00e9gz\u00e9se az Eur\u00f3pai Uni\u00f3 tag\u00e1llamain bel\u00fcl, vagy azon k\u00edv\u00fcl. Minden olyan fuvar a felrakod\u00e1si \u00e9s a lerakod\u00e1si c\u00edm k\u00f6z\u00f6tt, amely meghaladja az 500 km-t, nemzetk\u00f6zi k\u00f6lt\u00f6ztet\u00e9snek min\u0151s\u00fcl.<\/p><p><strong>A szerz\u0151d\u00e9s teljes\u00edt\u00e9se<\/strong><\/p><p>Az Egyedi Megrendel\u00e9s tartalmazza az Ing\u00f3s\u00e1gok felrakod\u00e1si \u00e9s lerakod\u00e1si c\u00edm\u00e9t, valamint a Felek \u00e1ltal a k\u00f6lt\u00f6ztet\u00e9sre egyeztetett id\u0151pontot. Amennyiben a felrakod\u00e1si \u00e9s a lerakod\u00e1si c\u00edmen t\u00falmen\u0151en egy k\u00f6zbens\u0151 harmadik c\u00edmet is \u00e9rintenie kell a V\u00e1llalkoz\u00f3nak sz\u00e1ll\u00edt\u00e1s k\u00f6zben, \u00fagy a Felek ezt az Egyedi Megrendel\u00e9sben r\u00f6gz\u00edtik.<\/p><p>A V\u00e1llalkoz\u00f3 fenntartja sz\u00e1ll\u00edt\u00e1sai esetleges \u00e1t\u00fctemez\u00e9s\u00e9nek mindenkori jog\u00e1t. A V\u00e1llalkoz\u00f3 a fuvaroz\u00e1si szolg\u00e1ltat\u00e1sokat munkanapokon 8-18 \u00f3ra k\u00f6z\u00f6tt teljes\u00edti. Amennyiben a Megrendel\u0151 ezen id\u0151szakon k\u00edv\u00fcl is ig\u00e9nyli a V\u00e1lallkoz\u00f3 szolg\u00e1ltat\u00e1sait, \u00fagy a megadott d\u00edj 50%-\u00e1t k\u00f6teles fel\u00e1rk\u00e9nt megfizetni.<\/p><p>Az Ing\u00f3s\u00e1gokat V\u00e1llalkoz\u00f3 h\u00e1zt\u00f3l-h\u00e1zig, megadott \u00fatvonalon, megadott id\u0151beli \u00fatvonalterv alapj\u00e1n sz\u00e1ll\u00edtja. A pontos \u00fatvonal a felrakod\u00e1si \u00e9s lerakod\u00e1si c\u00edm f\u00fcggv\u00e9nye. A V\u00e1llalkoz\u00f3 jogosult a sz\u00e1ll\u00edt\u00e1s \u00fatvonal\u00e1t saj\u00e1t bel\u00e1t\u00e1sa szerint meghat\u00e1rozni, att\u00f3l elt\u00e9rni, ide\u00e9rtve k\u00f6zb\u00fcls\u0151 meg\u00e1ll\u00f3helyeket is. A megadott \u00e9rkez\u00e9si id\u0151pontok t\u00e1j\u00e9koztat\u00f3 jelleg\u0171ek. A V\u00e1llalkoz\u00f3 a pontos id\u0151pontot telefonon a Megrendel\u0151vel minden esetben egyezteti.<\/p><p>Az Ing\u00f3s\u00e1gok k\u00f6re lehet minden olyan dokumentum, \u00e1ru, t\u00e1rgy, amely nem esik a fuvaroz\u00e1sb\u00f3l kiz\u00e1rt t\u00e1rgyak k\u00f6r\u00e9be. Megrendel\u0151 v\u00e1llalja, hogy az al\u00e1bb felsorolt k\u00fcldem\u00e9nyeket sz\u00e1ll\u00edt\u00e1sra nem adja \u00e1t.<\/p><p>A fuvaroz\u00e1sb\u00f3l kiz\u00e1rt t\u00e1rgyak k\u00f6re:<\/p><p>Narkotikumok<\/p><p>P\u00e9nz vagy b\u00e1rmilyen k\u00e9szp\u00e9nz-helyettes\u00edt\u0151 eszk\u00f6z<\/p><p>Csekk vagy b\u00e1rmilyen \u00e1tv\u00e1lthat\u00f3 k\u00f6tv\u00e9ny<\/p><p>Pornogr\u00e1f vagy b\u00e1rmilyen tiltott nyomtat\u00e1s, f\u00e9nyk\u00e9p, grafika<\/p><p>L\u0151fegyver, robban\u00f3szer<\/p><p>Vesz\u00e9lyes anyagok \u00e9s \u00e1ruk<\/p><p>Minden olyan anyag, melyet b\u00e1rmely k\u00f6zigazgat\u00e1si szerv, vagy a sz\u00e1ll\u00edt\u00e1si tev\u00e9kenys\u00e9g vonatkoz\u00e1s\u00e1ban a hat\u00e1sk\u00f6rrel rendelkez\u0151 egy\u00e9b szervezet kock\u00e1zatos, vesz\u00e9lyes anyagnak, tiltott, vagy csak korl\u00e1toz\u00e1ssal elfogadhat\u00f3 k\u00fcldem\u00e9nynek min\u0151s\u00edtett<\/p><p>Melyet a V\u00e1llalkoz\u00f3 a saj\u00e1t d\u00f6nt\u00e9se alapj\u00e1n, biztons\u00e1gi okb\u00f3l, vagy az ir\u00e1nyad\u00f3 jogszab\u00e1lyokra val\u00f3 tekintettel kiz\u00e1rtnak min\u0151s\u00edtett (pl. illeg\u00e1lis, j\u00f6ved\u00e9ki ad\u00f3s, t\u0171zvesz\u00e9lyes, undort kelt\u0151 \u00e9s romland\u00f3 \u00e1ru, illetve, ha az Ing\u00f3s\u00e1gok csomagol\u00e1sa nem alkalmas a benne l\u00e9v\u0151 tartalom sz\u00e1ll\u00edt\u00e1s k\u00f6zbeni meg\u00f3v\u00e1s\u00e1ra, vagy vesz\u00e9lyezteti m\u00e1s k\u00fcldem\u00e9nyek \u00e9ps\u00e9g\u00e9t)<\/p><p><strong>V\u00e1llalkoz\u00e1si d\u00edj<\/strong><\/p><p>A V\u00e1llalkoz\u00e1si d\u00edj lehet fix d\u00edj vagy \u00f3rad\u00edj-alapon kalkul\u00e1lt d\u00edj az al\u00e1bbiak szerint:<\/p><p><u>Fix d\u00edjas k\u00f6lt\u00f6z\u00e9si szolg\u00e1ltat\u00e1s:<\/u><\/p><p>A Felek az Egyedi Megrendel\u00e9sben r\u00f6gz\u00edtett fix V\u00e1llalkoz\u00e1si d\u00edjban (nett\u00f3 \u00f6sszeg + \u00c1FA) \u00e1llapodnak meg, amely tartalmazza a szerz\u0151d\u00e9sszer\u0171 teljes\u00edt\u00e9shez sz\u00fcks\u00e9ges munkad\u00edjat, anyag-, \u00fczemanyag- \u00e9s egy\u00e9b k\u00f6lts\u00e9geket (sz\u00fcks\u00e9ges munkaer\u0151, sz\u00e1ll\u00edt\u00f3eszk\u00f6z, \u00e1ltal\u00e1nos k\u00f6lts\u00e9gek stb.)<\/p><p><strong>Nemzetk\u00f6zi k\u00f6lt\u00f6ztet\u00e9s eset\u00e9n<\/strong>\u00a0\u2013 V\u00e1llalkoz\u00f3 a Megrendel\u0151 \u00e1ltal kit\u00f6lt\u00f6tt aj\u00e1nlatk\u00e9r\u0151 alapj\u00e1n kalkul\u00e1lja a fix V\u00e1llalkoz\u00e1si d\u00edjat, el\u0151zetes felm\u00e9r\u00e9st nem v\u00e9gez. A V\u00e1llalkoz\u00e1si d\u00edj \u00f6sszeg\u00e9t a Felek az Egyedi Megrendel\u00e9sben r\u00f6gz\u00edtik.<\/p><p><strong>Belf\u00f6ldi irodak\u00f6lt\u00f6ztet\u00e9s eset\u00e9n<\/strong>\u00a0\u2013 V\u00e1llalkoz\u00f3 a Megrendel\u0151n\u00e9l v\u00e9gzett el\u0151zetes felm\u00e9r\u00e9s alapj\u00e1n kalkul\u00e1lja a fix V\u00e1llalkoz\u00e1si d\u00edjat. A V\u00e1llalkoz\u00e1si d\u00edj \u00f6sszeg\u00e9t a Felek az Egyedi Megrendel\u00e9sben r\u00f6gz\u00edtik.<\/p><p><strong>Belf\u00f6ldi vid\u00e9ki lakoss\u00e1gi k\u00f6lt\u00f6ztet\u00e9s eset\u00e9n<\/strong>\u00a0(amikor a lerakod\u00e1si \u00e9s a felrakod\u00e1si c\u00edm k\u00f6z\u00f6tt t\u00f6bb, mint 30 km a t\u00e1vols\u00e1g) &#8211; V\u00e1llalkoz\u00f3 a Megrendel\u0151n\u00e9l v\u00e9gzett el\u0151zetes felm\u00e9r\u00e9s alapj\u00e1n kalkul\u00e1lja a fix V\u00e1llalkoz\u00e1si d\u00edjat. A V\u00e1llalkoz\u00e1si d\u00edj \u00f6sszeg\u00e9t a Felek az Egyedi Megrendel\u00e9sben r\u00f6gz\u00edtik.<\/p><p>A Megrendel\u0151n\u00e9l v\u00e9gzett el\u0151zetes felm\u00e9r\u00e9s eset\u00e9n a V\u00e1llalkoz\u00f3 a k\u00f6lt\u00f6ztet\u00e9s r\u00e9szleteire vonatkoz\u00f3 adatokat a Megrendel\u0151vel t\u00f6rt\u00e9n\u0151 el\u0151zetes egyeztet\u00e9s sor\u00e1n szem\u00e9lyesen felm\u00e9ri \u00e9s a felm\u00e9r\u00e9s alapj\u00e1n pontos \u00e1raj\u00e1nlatot k\u00e9sz\u00edt. Szem\u00e9lyes felm\u00e9r\u00e9s eset\u00e9n a Megrendel\u0151 \u00e1ltal megadott c\u00edmen a V\u00e1llalkoz\u00f3 felm\u00e9ri a k\u00f6lt\u00f6ztet\u00e9sre sz\u00e1nt Ing\u00f3s\u00e1gok mennyis\u00e9g\u00e9t, \u00e1llapot\u00e1t, csomagol\u00e1si m\u00f3dj\u00e1t, sz\u00fcks\u00e9ges szerel\u00e9si param\u00e9tereit, valamint a felrakod\u00e1si \u00e9s lerakod\u00e1si c\u00edmek megk\u00f6zel\u00edthet\u0151s\u00e9g\u00e9t, illetve a parkol\u00e1si, behajt\u00e1si lehet\u0151s\u00e9geket. A V\u00e1llalkoz\u00f3 fenntartja mag\u00e1nak a jogot arra, hogy a felm\u00e9r\u00e9s\u00e9rt k\u00fcl\u00f6n d\u00edjat \u00e1llap\u00edtson meg.<\/p><p>Megrendel\u0151 kifejezetten tudom\u00e1sul veszi \u00e9s elismeri, hogy a k\u00f6vetkez\u0151 param\u00e9terekr\u0151l \/ k\u00f6r\u00fclm\u00e9nyekr\u0151l val\u00f3 pontatlan t\u00e1j\u00e9koztat\u00e1s a fix \u00f6sszeg\u0171 V\u00e1llalkoz\u00e1si d\u00edj v\u00e1ltoztat\u00e1s\u00e1t, vagy a szolg\u00e1ltat\u00e1s megtagad\u00e1s\u00e1t vonhatja maga ut\u00e1n: lerakod\u00e1si \u00e9s a felrakod\u00e1si hely pontos c\u00edme; emeletek; lifthaszn\u00e1lat lehet\u0151s\u00e9ge; bej\u00e1rat megk\u00f6zel\u00edthet\u0151s\u00e9ge teheraut\u00f3val; Ing\u00f3s\u00e1gok m\u00e9ret\u00e9nek, s\u00faly\u00e1nak, mennyis\u00e9g\u00e9nek pontos adata.<\/p><p><u>\u00d3rad\u00edj alap\u00fa k\u00f6lt\u00f6ztet\u00e9si szolg\u00e1ltat\u00e1s:<\/u>&gt;<\/p><p><strong>Belf\u00f6ldi, helys\u00e9gen bel\u00fcli lakoss\u00e1gi k\u00f6lt\u00f6ztet\u00e9s<\/strong>\u00a0eset\u00e9n a V\u00e1llalkoz\u00e1si d\u00edj sz\u00e1m\u00edt\u00e1s\u00e1nak alapja a V\u00e1llalkoz\u00f3 weboldal\u00e1n mindenkor k\u00f6zz\u00e9tett, a k\u00f6lt\u00f6ztet\u00e9shez haszn\u00e1lt aut\u00f3k t\u00e9rfogata, darabsz\u00e1ma, a k\u00f6lt\u00f6ztet\u00e9sben r\u00e9szt vev\u0151 rakod\u00f3k sz\u00e1ma \u00e9s \u00f3rad\u00edja, a k\u00f6lt\u00f6z\u00e9sre ford\u00edtott \u00f3rasz\u00e1m, valamint a megtett \u00fat km-d\u00edja az Egyedi Megrendel\u00e9sben meghat\u00e1rozott lerakod\u00e1si \u00e9s a felrakod\u00e1si c\u00edm k\u00f6z\u00f6tt.<\/p><p>\u00d3rad\u00edjas elsz\u00e1mol\u00e1s eset\u00e9n az els\u0151 2 (kett\u0151) \u00f3ra minden esetben felsz\u00e1m\u00edt\u00e1sra ker\u00fcl, \u00e9s minden megkezdett munka\u00f3ra teljes \u00f3rak\u00e9nt ker\u00fcl kisz\u00e1ml\u00e1z\u00e1sra.<\/p><p>Megrendel\u0151 tudom\u00e1sul veszi, hogy a V\u00e1llalkoz\u00f3 rakod\u00f3inak \u00f3rad\u00edja oly m\u00f3don ker\u00fclt kisz\u00e1m\u00edt\u00e1sra, hogy a rakod\u00f3k 2 (kett\u0151) \u00f3r\u00e1nk\u00e9nt jogosultak 10 (t\u00edz) perc pihen\u0151id\u0151re. Megrendel\u0151 tudom\u00e1sul veszi, hogy a rakod\u00f3k munkav\u00e9gz\u00e9s k\u00f6zben jogosultak eb\u00e9dsz\u00fcnetre, amelynek id\u0151tartama a k\u00f6lt\u00f6z\u00e9sre ford\u00edtott \u00f3rasz\u00e1mba nem sz\u00e1m\u00edt bele.<\/p><p><u>Egyedi d\u00edjszab\u00e1s:<\/u><\/p><p>Egyedi d\u00edjszab\u00e1s szerint t\u00f6rt\u00e9nik az al\u00e1bbi Ing\u00f3s\u00e1gok k\u00f6lt\u00f6ztet\u00e9se, melyeket Megrendel\u0151 k\u00f6teles az Egyedi Megrendel\u00e9sben el\u0151zetesen \u00edr\u00e1sban jelezni \u00e9s t\u00e9telesen felsorolni:<\/p><p>p\u00e1nc\u00e9lszekr\u00e9ny, zongora, pian\u00edn\u00f3, nagym\u00e9ret\u0171 akv\u00e1rium, stb<\/p><p>neh\u00e9z, 100 kg f\u00f6l\u00f6tti t\u00e1rgyak,<\/p><p>300.000,-Ft-n\u00e1l nagyobb \u00e9rt\u00e9k\u0171 Ing\u00f3s\u00e1g (pl. festm\u00e9ny).<\/p><p>A parkol\u00e1si d\u00edj \u00e9s az esetleges behajt\u00e1si enged\u00e9ly d\u00edja minden esetben a Megrendel\u0151t terheli.<\/p><p>A Megrendel\u0151 a v\u00e1llalkoz\u00e1si d\u00edjat 3 (h\u00e1rom) munkanapon bel\u00fcl k\u00f6teles megfizetni V\u00e1llalkoz\u00f3 r\u00e9sz\u00e9re k\u00e9szp\u00e9nzben vagy a k\u00f6vetkez\u0151 banksz\u00e1mlasz\u00e1mra t\u00f6rt\u00e9n\u0151 banki \u00e1tutal\u00e1s \u00fatj\u00e1n:<\/p><p>Sz\u00e1mlasz\u00e1m: 10700457-75521570-51100005\u00a0 (CIB Bank Zrt.)<\/p><p>V\u00e1llalkoz\u00f3 a Megrendel\u0151 k\u00e9sedelmes fizet\u00e9se eset\u00e9n jogosult a Ptk. 6:48 \u00a7 alapj\u00e1n kamatot k\u00f6vetelni.<\/p><p><strong>Megrendel\u0151 jogai \u00e9s k\u00f6telezetts\u00e9gei<\/strong><\/p><p>A Megrendel\u0151 k\u00f6teles a szolg\u00e1ltat\u00e1s hely\u00e9t (felrakod\u00e1si \u00e9s lerakod\u00e1si c\u00edm) munka v\u00e9gz\u00e9s\u00e9re alkalmas \u00e1llapotban a V\u00e1llalkoz\u00f3 rendelkez\u00e9s\u00e9re bocs\u00e1tani. A V\u00e1llalkoz\u00f3 a szolg\u00e1ltat\u00e1s megkezd\u00e9s\u00e9t mindaddig megtagadhatja, am\u00edg a Megrendel\u0151 e k\u00f6telezetts\u00e9g\u00e9t nem teljes\u00edti (\u00edgy k\u00fcl\u00f6n\u00f6sen, ha a helysz\u00edn a k\u00f6lt\u00f6ztet\u00e9sre alkalmatlan vagy, ha a k\u00f6lt\u00f6ztet\u0151 szem\u00e9lyekre n\u00e9zve eg\u00e9szs\u00e9g\u00fcgyi kock\u00e1zatot jelent). Ha a Megrendel\u0151 e k\u00f6telezetts\u00e9g\u00e9nek a V\u00e1llalkoz\u00f3 \u00e1ltal megszabott megfelel\u0151 hat\u00e1rid\u0151n bel\u00fcl nem tesz eleget, a V\u00e1llalkoz\u00f3 el\u00e1llhat a szerz\u0151d\u00e9st\u0151l \u00e9s k\u00e1rt\u00e9r\u00edt\u00e9st k\u00f6vetelhet.<\/p><p>Megrendel\u0151 k\u00f6teles az Egyedi Megrendel\u00e9sben meghat\u00e1rozott id\u0151pontig az Ing\u00f3s\u00e1gok megfelel\u0151 becsomagol\u00e1s\u00e1r\u00f3l gondoskodni. Az Ing\u00f3s\u00e1gok csomagol\u00e1s\u00e1nak olyannak kell lennie, hogy a tartalmat megv\u00e9dje a nyom\u00e1st\u00f3l \u00e9s m\u00e1s kezel\u00e9si m\u0171veletekt\u0151l, az k\u00e1rt ne szenvedjen (pl. kartondoboz, bubor\u00e9kf\u00f3lia, sittes zs\u00e1k). A csomagol\u00e1snak biztos\u00edtania kell, hogy a tartalomhoz ne lehessen hozz\u00e1f\u00e9rni an\u00e9lk\u00fcl, hogy a burkolaton annak nyoma ne maradjon. Amennyiben a Felek az Egyedi Megrendel\u00e9sben \u00fagy \u00e1llapodnak meg, V\u00e1llalkoz\u00f3 biztos\u00edtja Megrendel\u0151 r\u00e9sz\u00e9re a sz\u00fcks\u00e9ges csomagol\u00f3anyagot (dobozokat \u00e9s v\u00e9d\u0151f\u00f3li\u00e1t).<\/p><p>Megrendel\u0151 k\u00f6teles gondoskodni arr\u00f3l, hogy az Ing\u00f3s\u00e1goknak a lerakod\u00e1si c\u00edmre t\u00f6rt\u00e9n\u0151 meg\u00e9rkez\u00e9sekor V\u00e1llalkoz\u00f3 &#8211; a Megrendel\u0151 vagy k\u00e9pvisel\u0151je jelenl\u00e9t\u00e9ben &#8211; a lerakod\u00e1st halad\u00e9ktalanul megkezdhesse. Amennyiben ez b\u00e1rmilyen okb\u00f3l nem teljes\u00fcl, a k\u00e9sedelem idej\u00e9re V\u00e1llalkoz\u00f3 a helysz\u00ednen tart\u00f3zkod\u00f3 rakod\u00f3 munkat\u00e1rsak \u00f3rad\u00edj\u00e1t Megrendel\u0151nek felsz\u00e1m\u00edtja \u00e9s kisz\u00e1ml\u00e1zza, fix V\u00e1llalkoz\u00e1si d\u00edjban t\u00f6rt\u00e9nt meg\u00e1llapod\u00e1s eset\u00e9n pedig a fix \u00f6sszeg\u0171 V\u00e1llalkoz\u00e1si d\u00edj m\u00f3dos\u00edt\u00e1s\u00e1t vonja maga ut\u00e1n.<\/p><p>Megrendel\u0151 k\u00f6teles V\u00e1llalkoz\u00f3 sz\u00e1m\u00e1ra a teljes\u00edt\u00e9ssel \u00f6sszef\u00fcgg\u0151 valamennyi relev\u00e1ns inform\u00e1ci\u00f3t \u00e9s adatot a teljes\u00edt\u00e9s V\u00e1llalkoz\u00f3 \u00e1ltali megkezd\u00e9se el\u0151tt, kell\u0151 id\u0151ben k\u00f6z\u00f6lni, \u00e9s k\u00f6teles V\u00e1llalkoz\u00f3 figyelm\u00e9t felh\u00edvni minden \u00e1ltala ismert, a k\u00f6lt\u00f6ztet\u00e9s sikeres teljes\u00edt\u00e9s\u00e9t esetlegesen befoly\u00e1sol\u00f3 k\u00f6r\u00fclm\u00e9nyre.<\/p><p>\u00cdgy k\u00fcl\u00f6n\u00f6sen, Megrendel\u0151 k\u00f6teles V\u00e1llalkoz\u00f3 sz\u00e1m\u00e1ra el\u0151zetesen, \u00edr\u00e1sban jelezni azt, ha az Ing\u00f3s\u00e1gok k\u00f6z\u00f6tt egyedi d\u00edjszab\u00e1s szerint sz\u00e1ll\u00edtand\u00f3 nagym\u00e9ret\u0171 vagy nagy \u00e9rt\u00e9k\u0171 t\u00e1rgy, valamint, ha extra s\u00e9r\u00fcl\u00e9keny t\u00e1rgy tal\u00e1lhat\u00f3, tekintettel arra, hogy ezek sz\u00e1ll\u00edt\u00e1sa V\u00e1llalkoz\u00f3 r\u00e9sz\u00e9r\u0151l k\u00fcl\u00f6n\u00f6s b\u00e1n\u00e1sm\u00f3dot \u00e9s az \u00e1tlagost\u00f3l elt\u00e9r\u0151 felk\u00e9sz\u00fcl\u00e9st ig\u00e9nyel.<\/p><p>Megrendel\u0151 k\u00f6teles a k\u00f6lt\u00f6z\u00e9s lebonyol\u00edt\u00e1s\u00e1hoz esetlegesen sz\u00fcks\u00e9ges okm\u00e1nyokat \u00e9s hat\u00f3s\u00e1gi enged\u00e9lyeket \u00e1tadni. Mindaddig, am\u00edg a Megrendel\u0151 e k\u00f6telezetts\u00e9g\u00e9nek nem tesz eleget, a V\u00e1llalkoz\u00f3 a szolg\u00e1ltat\u00e1s teljes\u00edt\u00e9s\u00e9t megtagadhatja.<\/p><p><strong>V\u00e1llalkoz\u00f3 jogai \u00e9s k\u00f6telezetts\u00e9gei<\/strong><\/p><p>V\u00e1llalkoz\u00f3 k\u00f6teles a felrakod\u00e1si helyen az Egyedi Megrendel\u00e9sben meghat\u00e1rozott id\u0151pontban megjelenni \u00e9s az Ing\u00f3s\u00e1gok rakod\u00e1s\u00e1t, illetve a szolg\u00e1ltat\u00e1shoz tartoz\u00f3 tov\u00e1bbi munk\u00e1latokat halad\u00e9ktalanul megkezdeni.<\/p><p>V\u00e1llalkoz\u00f3 k\u00f6teles az Ing\u00f3s\u00e1gokat a lerakod\u00e1si c\u00edmre elsz\u00e1ll\u00edtani, a meg\u00e9rkez\u00e9st k\u00f6vet\u0151en halad\u00e9ktalanul felvenni a kapcsolatot a Megrendel\u0151vel vagy annak helysz\u00ednen tart\u00f3zkod\u00f3 k\u00e9pvisel\u0151j\u00e9vel, majd ezt k\u00f6vet\u0151en az Ing\u00f3s\u00e1gokat a Megrendel\u0151 ingatlan\u00e1ban, a Megrendel\u0151 \u00e1ltal meghat\u00e1rozott helyis\u00e9gekbe kipakolni.<\/p><p>V\u00e1llalkoz\u00f3 k\u00f6teles Megrendel\u0151 utas\u00edt\u00e1sait marad\u00e9ktalanul megtartani, az utas\u00edt\u00e1s azonban nem terjedhet ki a k\u00f6lt\u00f6ztet\u00e9s megszervez\u00e9s\u00e9re, \u00e9s nem teheti a teljes\u00edt\u00e9st terhesebb\u00e9. Ha Megrendel\u0151 c\u00e9lszer\u0171tlen vagy szakszer\u0171tlen utas\u00edt\u00e1st ad, V\u00e1llalkoz\u00f3 k\u00f6teles \u0151t erre figyelmeztetni. Ha Megrendel\u0151 a figyelmeztet\u00e9s ellen\u00e9re utas\u00edt\u00e1s\u00e1t fenntartja, V\u00e1llalkoz\u00f3 a szerz\u0151d\u00e9st\u0151l el\u00e1llhat vagy a feladatot a Megrendel\u0151 utas\u00edt\u00e1sai szerint &#8211; Megrendel\u0151 kock\u00e1zat\u00e1ra &#8211; ell\u00e1thatja. V\u00e1llalkoz\u00f3 k\u00f6teles megtagadni az utas\u00edt\u00e1s teljes\u00edt\u00e9s\u00e9t, ha annak v\u00e9grehajt\u00e1sa jogszab\u00e1ly vagy hat\u00f3s\u00e1gi hat\u00e1rozat megs\u00e9rt\u00e9s\u00e9hez vezetne, vagy vesz\u00e9lyeztetn\u00e9 m\u00e1sok szem\u00e9ly\u00e9t vagy vagyon\u00e1t.<\/p><p>V\u00e1llalkoz\u00f3 k\u00f6teles a k\u00f6lt\u00f6ztet\u00e9s sor\u00e1n esetlegesen felmer\u00fcl\u0151, \u00e9s annak sikeress\u00e9g\u00e9t akad\u00e1lyoz\u00f3 vagy vesz\u00e9lyeztet\u0151, illetve annak v\u00e1rhat\u00f3 id\u0151tartam\u00e1t jelent\u0151sen megn\u00f6vel\u0151 esem\u00e9nyr\u0151l \u2013 azok \u00e9szlel\u00e9s\u00e9t k\u00f6vet\u0151en halad\u00e9ktalanul &#8211; Megrendel\u0151t telefon \u00fatj\u00e1n \u00e9rtes\u00edteni. Az \u00e9rtes\u00edt\u00e9s elmarad\u00e1s\u00e1b\u00f3l ered\u0151 k\u00e1rok\u00e9rt a V\u00e1llalkoz\u00f3 felel\u0151ss\u00e9ggel tartozik. Az \u00e9rtes\u00edt\u00e9s ut\u00e1n a Megrendel\u0151 k\u00f6teles az \u00e9rdekk\u00f6r\u00e9ben felmer\u00fcl\u0151 probl\u00e9m\u00e1t megoldani. Ennek elmarad\u00e1sa eset\u00e9n a k\u00e9sedelem idej\u00e9re a V\u00e1llalkoz\u00f3 a helysz\u00ednen tart\u00f3zkod\u00f3 munkat\u00e1rsak \u00f3rad\u00edj\u00e1t Megrendel\u0151nek felsz\u00e1m\u00edtja \u00e9s kisz\u00e1ml\u00e1zza, illetve fix V\u00e1llalkoz\u00e1si d\u00edjban t\u00f6rt\u00e9nt meg\u00e1llapod\u00e1s eset\u00e9n a k\u00e9sedelem a fix \u00f6sszeg\u0171 V\u00e1llalkoz\u00e1si d\u00edj m\u00f3dos\u00edt\u00e1s\u00e1t vonja maga ut\u00e1n.<\/p><p>A V\u00e1llalkoz\u00f3 a szolg\u00e1ltat\u00e1s teljes\u00edt\u00e9se sor\u00e1n alv\u00e1llalkoz\u00f3 ig\u00e9nybev\u00e9tel\u00e9re jogosult.<\/p><p>V\u00e1llalkoz\u00f3 &#8211; a sz\u00e1ll\u00edt\u00e1ssal kapcsolatos s\u00e9r\u00fcl\u00e9sek elker\u00fcl\u00e9se v\u00e9gett &#8211; k\u00f6teles az egyedi d\u00edjszab\u00e1s\u00fa Ing\u00f3s\u00e1gok k\u00f6lt\u00f6ztet\u00e9s\u00e9hez megfelel\u0151 csomagol\u00f3anyagot bocs\u00e1tani a Megrendel\u0151 rendelkez\u00e9sre.<\/p><p><strong>K\u00f6tb\u00e9r<\/strong><\/p><p>Amennyiben V\u00e1llalkoz\u00f3 kiz\u00e1r\u00f3lag neki felr\u00f3hat\u00f3 okb\u00f3l k\u00e9sedelembe esik vagy a szerz\u0151d\u00e9s teljes\u00edt\u00e9s\u00e9t megtagadja, a Megrendel\u0151 jogosult k\u00f6tb\u00e9rt k\u00f6vetelni. A k\u00f6tb\u00e9r alapja a nett\u00f3 V\u00e1llalkoz\u00e1si d\u00edj, m\u00e9rt\u00e9ke pedig:<\/p><p>k\u00e9sedelmi k\u00f6tb\u00e9r eset\u00e9ben: 2% minden k\u00e9sedelmes napra sz\u00e1m\u00edtva, de legfeljebb 5%;<\/p><p>meghi\u00fasul\u00e1si k\u00f6tb\u00e9r eset\u00e9ben: 5%.<\/p><p>a sz\u00e1m\u00edt\u00e1s az ingatlan m2-re alapj\u00e1n t\u00f6rt\u00e9nik a mindenkori rezsi\u00f3rad\u00edjjal egybev\u00e9ve<\/p><p><strong>Felel\u0151ss\u00e9g<\/strong><\/p><p>V\u00e1llalkoz\u00f3 anyagilag felel\u0151s az \u00e1tvett Ing\u00f3s\u00e1gok \u00e9ps\u00e9g\u00e9\u00e9rt \u00e9s hi\u00e1nytalan megl\u00e9t\u00e9\u00e9rt, a Megrendel\u0151 r\u00e9sz\u00e9re t\u00f6rt\u00e9n\u0151 k\u00e9zbes\u00edt\u00e9sig. V\u00e1llalkoz\u00f3 felel\u0151ss\u00e9ggel tartozik mindazon k\u00f6zvetlen k\u00e1r\u00e9rt, amely bizony\u00edtottan kiz\u00e1r\u00f3lag neki felr\u00f3hat\u00f3an az Ing\u00f3s\u00e1gokban, azok \u00e1tv\u00e9tel\u00e9t\u0151l lerakod\u00e1sukig (sz\u00e9t-, illetve \u00f6sszeszerel\u00e9s\u00fck, valamint sz\u00e1ll\u00edt\u00e1suk, rakod\u00e1suk sor\u00e1n) keletkezik.<\/p><p>V\u00e1llalkoz\u00f3 kijelenti, hogy a k\u00f6lt\u00f6ztet\u00e9sb\u0151l fakad\u00f3 k\u00f6zvetlen k\u00e1rok megt\u00e9r\u00edt\u00e9s\u00e9re megfelel\u0151 \u00f6sszeg\u0171 felel\u0151ss\u00e9gbiztos\u00edt\u00e1ssal rendelkezik. V\u00e1llalkoz\u00f3 a 300.000,-Ft-ot meghalad\u00f3 \u00e9rt\u00e9k\u0171 Ing\u00f3s\u00e1gokra k\u00fcl\u00f6n biztos\u00edt\u00e1st k\u00f6t, amennyiben Megrendel\u0151 az Egyedi Megrendel\u00e9sben el\u0151re, \u00edr\u00e1sban jelzi, hogy ilyen Ing\u00f3s\u00e1g sz\u00e1ll\u00edt\u00e1s\u00e1ra sor ker\u00fcl.<\/p><p>V\u00e1llalkoz\u00f3 nem felel\u0151s semmilyen k\u00f6zvetett vagy k\u00f6vetkezm\u00e9nyi k\u00e1r\u00e9rt, elmaradt haszon\u00e9rt, bev\u00e9tel\u00e9rt abban az esetben sem, ha ilyen k\u00e1rok bek\u00f6vetkezt\u00e9nek lehet\u0151s\u00e9g\u00e9r\u0151l Megrendel\u0151 t\u00e1j\u00e9koztatta.<\/p><p>Akv\u00e1rium \u00e9s terr\u00e1rium kiz\u00e1r\u00f3lag abban az esetben tudunk garanci\u00e1t v\u00e1llalni a s\u00e9r\u00fcl\u00e9smentes sz\u00e1ll\u00edt\u00e1sra, ha az a gy\u00e1ri csomagol\u00e1s\u00e1ban ker\u00fcl \u00e1tad\u00e1sra. Amennyiben nem az eredeti doboz\u00e1ban, annak megfelel\u0151en r\u00f6gz\u00edtve ker\u00fcl sz\u00e1ll\u00edt\u00e1sra, a fuvaroz\u00e1sb\u00f3l ered\u0151 k\u00e1rok\u00e9rt felel\u0151ss\u00e9get nem v\u00e1llalunk.<\/p><p>Telev\u00edzi\u00f3k sz\u00e1ll\u00edt\u00e1sa eset\u00e9n kiz\u00e1r\u00f3lag abban az esetben tudunk garanci\u00e1t v\u00e1llalni a k\u00e9sz\u00fcl\u00e9k \u00e9ps\u00e9g\u00e9re, ha az a gy\u00e1ri csomagol\u00e1s\u00e1ban ker\u00fcl \u00e1tad\u00e1sra. Amennyiben a telev\u00edzi\u00f3 nem az eredeti doboz\u00e1ban, annak megfelel\u0151en r\u00f6gz\u00edtve ker\u00fcl sz\u00e1ll\u00edt\u00e1sra, a fuvaroz\u00e1sb\u00f3l ered\u0151 k\u00e1rok\u00e9rt felel\u0151ss\u00e9get nem v\u00e1llalunk.<\/p><p>Porcel\u00e1nok, t\u00fckr\u00f6k \u00e9s egy\u00e9b \u00fcvegt\u00e1rgyak. S\u00e9r\u00fcl\u00e9keny jelleg\u00fck miatt nem v\u00e1llalunk garanci\u00e1t a sz\u00e1ll\u00edt\u00e1s\u00e1ra.<\/p><p>Festm\u00e9nyekre \u00e9s k\u00e9pekre nem v\u00e1llalunk garanci\u00e1t a sz\u00e1ll\u00edt\u00e1sb\u00f3l ered\u0151 k\u00e1rok\u00e9rt.<\/p><p>A fuvaroz\u00e1s teljes\u00edt\u00e9se alatt, esetlegesen az \u00fatk\u00f6zben felmer\u00fcl\u0151 b\u00edrs\u00e1gok a V\u00e1llalkoz\u00f3t terhelik, kiv\u00e9telt k\u00e9pez ez al\u00f3l, ha a sz\u00e1ll\u00edtm\u00e1ny nem felelt meg a vonatkoz\u00f3 jogszab\u00e1lyoknak (pl. t\u00fals\u00faly).<\/p><p>V\u00e1llalkoz\u00f3 mindent megtesz az\u00e9rt, hogy az Ing\u00f3s\u00e1gokat a t\u00e1j\u00e9koztat\u00f3 jelleg\u0171 sz\u00e1ll\u00edt\u00e1si id\u0151nek megfelel\u0151en k\u00e9zbes\u00edtse. Amennyiben jogszab\u00e1ly elt\u00e9r\u0151en nem rendelkezik, a V\u00e1llalkoz\u00f3 nem felel\u0151s a k\u00e9sedelemb\u0151l ered\u0151 k\u00e1rok\u00e9rt, vesztes\u00e9gek\u00e9rt.<\/p><p>V\u00e1llalkoz\u00f3 mentes\u00fcl a k\u00e1rfelel\u0151ss\u00e9g al\u00f3l, ha a k\u00e1r:<\/p><p>a V\u00e1llalkoz\u00f3 tev\u00e9kenys\u00e9gi k\u00f6r\u00e9n k\u00edv\u00fcl es\u0151 elh\u00e1r\u00edthatatlan ok (pl. vis maior vagy egy\u00e9b elh\u00e1r\u00edthatatlan k\u00fcls\u0151 ok) miatt k\u00f6vetkezik be,<\/p><p>a k\u00fcldem\u00e9ny bels\u0151 tulajdons\u00e1ga okozta (akkor is, ha a V\u00e1llalkoz\u00f3nak err\u0151l tudom\u00e1sa volt), illetve, ha a csomagol\u00e1s k\u00edv\u00fclr\u0151l \u00e9szre nem vehet\u0151 hi\u00e1nyoss\u00e1ga okozta (\u00e9s nem a V\u00e1llalkoz\u00f3 csomagolta be a k\u00f6lt\u00f6z\u00e9s el\u0151tt az Ing\u00f3s\u00e1gokat),<\/p><p>a Megrendel\u0151 nem \u00fagy j\u00e1rt el, ahogy az adott helyzetben elv\u00e1rhat\u00f3 lett volna,<\/p><p>oka a Megrendel\u0151, harmadik f\u00e9l, v\u00e1m vagy egy\u00e9b k\u00f6zigazgat\u00e1si hat\u00f3s\u00e1gok cselekm\u00e9nye vagy mulaszt\u00e1sa,<\/p><p>az Ing\u00f3s\u00e1goknak elektronikus adathordoz\u00f3n vagy fotografikus \u00faton r\u00f6gz\u00edtett inform\u00e1ci\u00f3k, k\u00e9pek, adatok, elektronikus, vagy m\u00e1gneses behat\u00e1sb\u00f3l sz\u00e1rmaz\u00f3 megsemmis\u00fcl\u00e9se, vagy k\u00e1rosod\u00e1sa,<\/p><p>a Megrendel\u0151 nem t\u00e1j\u00e9koztatta a V\u00e1llalkoz\u00f3t a k\u00fcldem\u00e9ny k\u00edv\u00fclr\u0151l fel nem ismerhet\u0151 rendk\u00edv\u00fcli \u00e9rt\u00e9k\u00e9r\u0151l.<\/p><p>A Felek a k\u00f6lt\u00f6ztet\u00e9s elv\u00e9gz\u00e9s\u00e9t k\u00f6vet\u0151en k\u00f6z\u00f6sen ellen\u0151rzik az Ing\u00f3s\u00e1gok \u00e1llapot\u00e1t, melyr\u0151l jegyz\u0151k\u00f6nyvet \u00edrnak \u00e9s mind a Megrendel\u0151, mind a V\u00e1llalkoz\u00f3 k\u00f6teles azt al\u00e1\u00edrni. Amennyiben az \u00e1tad\u00e1s sor\u00e1n a Felek hib\u00e1t vagy hi\u00e1nyoss\u00e1got \u00e1llap\u00edtanak meg, \u00fagy azt a jegyz\u0151k\u00f6nyvben r\u00f6gz\u00edtik.<\/p><p>Megrendel\u0151 az Egyedi Megrendel\u00e9sben foglalt V\u00e1llalkoz\u00e1si d\u00edjat a szolg\u00e1ltat\u00e1s hi\u00e1nyos, vagy nem megfelel\u0151 volt\u00e1ra hivatkoz\u00e1ssal nem tarthatja vissza, k\u00f6teles a V\u00e1llalkoz\u00e1si d\u00edjat megfizetni.<\/p><p>Megrendel\u0151 k\u00f6teles k\u00e1rig\u00e9ny\u00e9t lehet\u0151s\u00e9g szerint halad\u00e9ktalanul, de legk\u00e9s\u0151bb a tudom\u00e1s\u00e1ra jut\u00e1s\u00e1t\u00f3l sz\u00e1m\u00edtott 5 (\u00f6t) napon bel\u00fcl V\u00e1llalkoz\u00f3val \u00edr\u00e1sban k\u00f6z\u00f6lni.<\/p><p>Megrendel\u0151 k\u00f6teles megt\u00e9r\u00edteni minden olyan ig\u00e9nyt, k\u00e1rt, b\u00edrs\u00e1got \u00e9s k\u00f6lts\u00e9get, amely abb\u00f3l ered, hogy az Ing\u00f3s\u00e1gok az \u00e9rv\u00e9nyben l\u00e9v\u0151 jogszab\u00e1lyok, az \u00c1SZF vagy az Egyedi Megrendel\u00e9s alapj\u00e1n nem voltak felv\u00e9telre vagy sz\u00e1ll\u00edt\u00e1sra alkalmasak.<\/p><p><strong>Szavatoss\u00e1g<\/strong><\/p><p>V\u00e1llalkoz\u00f3 szavatolja, hogy a k\u00f6lt\u00f6ztet\u00e9si szolg\u00e1ltat\u00e1s v\u00e9gz\u00e9s\u00e9hez sz\u00fcks\u00e9ges enged\u00e9lyekkel, felel\u0151ss\u00e9gbiztos\u00edt\u00e1ssal, felszerel\u00e9ssel \u00e9s tapasztalattal rendelkezik. Szavatolja tov\u00e1bb\u00e1, hogy a tev\u00e9kenys\u00e9g\u00e9t az \u00e1gazatban bevett standardok alapj\u00e1n, a szak\u00e9rt\u0151t\u0151l elv\u00e1rhat\u00f3 min\u0151s\u00e9gben v\u00e9gzi. A V\u00e1llalkoz\u00f3 \u00e1ltal v\u00e1llalt szavatoss\u00e1gi felel\u0151ss\u00e9g id\u0151tartama a lerakod\u00e1st\u00f3l sz\u00e1m\u00edtott 30 (harminc) nap.<\/p><p><strong>Titoktart\u00e1s<\/strong><\/p><p>V\u00e1llalkoz\u00f3 tudom\u00e1sul veszi, hogy a k\u00f6lt\u00f6z\u00e9s teljes\u00edt\u00e9se sor\u00e1n megismert, a Megrendel\u0151 tev\u00e9kenys\u00e9g\u00e9hez kapcsol\u00f3d\u00f3 minden adat, t\u00e9ny, inform\u00e1ci\u00f3, amelynek a nyilv\u00e1noss\u00e1gra hozatala, illet\u00e9ktelenek \u00e1ltal t\u00f6rt\u00e9n\u0151 megszerz\u00e9se vagy felhaszn\u00e1l\u00e1sa Megrendel\u0151 \u00e9rdek\u00e9t s\u00e9rten\u00e9 vagy vesz\u00e9lyeztetn\u00e9 \u2013 \u00e9s amelyet jogszab\u00e1ly egy\u00e9bk\u00e9nt titoknak nem min\u0151s\u00edt \u2013 bizalmas inform\u00e1ci\u00f3nak min\u0151s\u00fcl.<\/p><p>V\u00e1llalkoz\u00f3 a tudom\u00e1s\u00e1ra jutott bizalmas inform\u00e1ci\u00f3t teljes\u00edt\u00e9st\u0151l sz\u00e1m\u00edtott 3 (h\u00e1rom) \u00e9vig, az \u00fczleti titkot pedig hat\u00e1rid\u0151 n\u00e9lk\u00fcl k\u00f6teles meg\u0151rizni. Titoktart\u00e1si k\u00f6telezetts\u00e9ge k\u00f6r\u00e9ben a tudom\u00e1s\u00e1ra jutott bizalmas inform\u00e1ci\u00f3t harmadik f\u00e9l r\u00e9sz\u00e9re hozz\u00e1f\u00e9rhet\u0151v\u00e9 nem teheti, azt illet\u00e9ktelen szem\u00e9llyel nem k\u00f6z\u00f6lheti, \u00e1t nem adhatja, nyilv\u00e1noss\u00e1gra nem hozhatja. V\u00e1llalkoz\u00f3 tudom\u00e1sul veszi, hogy a v\u00e1llalt titoktart\u00e1si k\u00f6telezetts\u00e9g azon szem\u00e9lyekre is kiterjed, akiket a szolg\u00e1ltat\u00e1s teljes\u00edt\u00e9s\u00e9be bevon. V\u00e1llalkoz\u00f3 a titoktart\u00e1si k\u00f6telezetts\u00e9g megszeg\u00e9s\u00e9\u00e9rt a jelen \u00c1SZF felt\u00e9telei szerint k\u00e1rt\u00e9r\u00edt\u00e9si felel\u0151ss\u00e9ggel tartozik.<\/p><p><strong>Kapcsolattart\u00e1s<\/strong><\/p><p>A Felek az emailen, SMS-ben vagy egy\u00e9b online platformon t\u00f6rt\u00e9n\u0151 kommunik\u00e1ci\u00f3t \u00edr\u00e1sbelinek tekintik. A Felek az Egyedi Megrendel\u00e9sben megjel\u00f6lt szem\u00e9lyek \u00fatj\u00e1n tartj\u00e1k egym\u00e1ssal a kapcsolatot, \u00e9s a jelen \u00c1SZF-ben, az Egyedi Megrendel\u00e9sben, illetve a vonatkoz\u00f3 jogszab\u00e1lyokban meghat\u00e1rozott \u00e9rtes\u00edt\u00e9si k\u00f6telezetts\u00e9geiknek ezen szem\u00e9lyeken kereszt\u00fcl tesznek eleget.<\/p><p>A kapcsolattart\u00f3k szem\u00e9ly\u00e9ben bek\u00f6vetkezett v\u00e1ltoz\u00e1sokat az \u00e9rintett F\u00e9l a v\u00e1ltoz\u00e1st\u00f3l sz\u00e1m\u00edtott 3 (h\u00e1rom) munkanapon bel\u00fcl k\u00f6teles a m\u00e1sik F\u00e9lnek jelenteni.<\/p><p><strong>Ir\u00e1nyad\u00f3 jog, illet\u00e9kess\u00e9g<\/strong><\/p><p>A jelen \u00c1SZF-re \u00e9s az Egyedi Megrendel\u00e9sre Magyarorsz\u00e1g jogszab\u00e1lyai az ir\u00e1nyad\u00f3k. A jelen \u00c1SZF-ben \u00e9s az Egyedi Megrendel\u00e9sben nem szab\u00e1lyozott k\u00e9rd\u00e9sekben a Polg\u00e1ri T\u00f6rv\u00e9nyk\u00f6nyv rendelkez\u00e9sei az ir\u00e1nyad\u00f3k.<\/p><p>Felek meg\u00e1llapodnak abban, hogy vit\u00e1s \u00fcgyeiket lehet\u0151s\u00e9g szerint egym\u00e1ssal egyeztetve, b\u00e9k\u00e9s \u00faton k\u00edv\u00e1nj\u00e1k elrendezni.<\/p><p>Az \u00c1SZF-re \u00e9s az Egyedi Megrendel\u00e9sre a magyar nyelv az ir\u00e1nyad\u00f3.<\/p><p>A jelen \u00c1SZF vagy az Egyedi Megrendel\u00e9s b\u00e1rmely rendelkez\u00e9s\u00e9nek esetleges \u00e9rv\u00e9nytelens\u00e9ge vagy v\u00e9grehajthatatlans\u00e1ga nem \u00e9rinti az \u00c1SZF vagy az Egyedi Megrendel\u00e9s egy\u00e9b rendelkez\u00e9seit.<\/p>\t\t\t\t\t\t\t\t<\/div>\n\t\t\t\t<\/div>\n\t\t\t\t\t<\/div>\n\t\t\t\t<\/div>\n\t\t<div data-particle_enable=\"false\" data-particle-mobile-disabled=\"false\" class=\"elementor-element elementor-element-609b70a e-flex e-con-boxed wpr-particle-no wpr-jarallax-no wpr-parallax-no wpr-sticky-section-no wpr-equal-height-no e-con e-parent\" data-id=\"609b70a\" data-element_type=\"container\" data-e-type=\"container\" data-settings=\"{&quot;background_background&quot;:&quot;classic&quot;}\">\n\t\t\t\t\t<div class=\"e-con-inner\">\n\t\t\t\t<div class=\"elementor-element elementor-element-42c9397 elementor-widget elementor-widget-text-editor\" data-id=\"42c9397\" data-element_type=\"widget\" data-e-type=\"widget\" data-widget_type=\"text-editor.default\">\n\t\t\t\t\t\t\t\t\t<h1 style=\"text-align: center;\"><strong>P\u00e1lfi Cargo Ltd<\/strong>.<\/h1><h4 style=\"text-align: center;\">Reliability you can experience everywhere you go.<\/h4>\t\t\t\t\t\t\t\t<\/div>\n\t\t\t\t<div class=\"elementor-element elementor-element-f89fcb0 elementor-align-center elementor-widget elementor-widget-button\" data-id=\"f89fcb0\" data-element_type=\"widget\" data-e-type=\"widget\" data-widget_type=\"button.default\">\n\t\t\t\t\t\t\t\t\t\t<a class=\"elementor-button elementor-button-link elementor-size-sm\" href=\"https:\/\/www.palficargo.hu\/en\/arajanlat\/\">\n\t\t\t\t\t\t<span class=\"elementor-button-content-wrapper\">\n\t\t\t\t\t\t\t\t\t<span class=\"elementor-button-text\">Express price quote<\/span>\n\t\t\t\t\t<\/span>\n\t\t\t\t\t<\/a>\n\t\t\t\t\t\t\t\t<\/div>\n\t\t\t\t\t<\/div>\n\t\t\t\t<\/div>\n\t\t\t\t<\/div>","protected":false},"excerpt":{"rendered":"<p>\u00c1SZF \u00c1SZF Minden \u00e1raj\u00e1nlat visszaigazol\u00e1sa \u00e9s megrendel\u00e9se eset\u00e9n a V\u00e1llalkoz\u00f3 elfogadottnak tekinti a jelen \u00e1ltal\u00e1nos szerz\u0151d\u00e9si felt\u00e9teleit (\u201e\u00c1SZF\u201d) a Megrendel\u0151k r\u00e9sz\u00e9r\u0151l. V\u00e1llalkoz\u00f3 P\u00e1lfi Cargo Korl\u00e1tolt Felel\u0151ss\u00e9g\u0171 T\u00e1rsas\u00e1g\u00a0sz\u00e9khely: 5244 Tiszasz\u0151l\u0151s, F\u0151 \u00fat 62., c\u00e9gjegyz\u00e9ksz\u00e1m: 16 09 021305, ad\u00f3sz\u00e1m: 32162459-1-16, k\u00e9pvisel\u0151: P\u00e1lfi P\u00e9ter, mint v\u00e1llalkoz\u00f3 \u201eV\u00e1llalkoz\u00f3)\u201d. Megrendel\u0151 Minden, a V\u00e1llalkoz\u00f3 szolg\u00e1ltat\u00e1sait ig\u00e9nybe vev\u0151, illetve azokat megrendel\u0151 jogi szem\u00e9ly vagy jogi szem\u00e9lyis\u00e9ggel nem rendelkez\u0151 szervezet, illetve mag\u00e1nszem\u00e9ly (\u201eMegrendel\u0151\u201d, V\u00e1llalkoz\u00f3 \u00e9s Megrendel\u0151 egy\u00fcttesen a \u201eFelek\u201d). A szerz\u0151d\u00e9s t\u00e1rgya Megrendel\u0151 megrendeli, V\u00e1llalkoz\u00f3 pedig a Felek k\u00f6z\u00f6tt meghat\u00e1rozott egyedi megrendel\u00e9sben (\u201eEgyedi Megrendel\u00e9s\u201d) meghat\u00e1rozott d\u00edjaz\u00e1s ellen\u00e9ben \u00e9s hat\u00e1rid\u0151re elv\u00e1llalja a Megrendel\u0151 Ing\u00f3s\u00e1gainak (\u201eIng\u00f3s\u00e1gok\u201d) belf\u00f6ldi vagy nemzetk\u00f6zi elk\u00f6lt\u00f6ztet\u00e9s\u00e9t. A V\u00e1llalkoz\u00f3 \u00e1ltal ny\u00fajtand\u00f3 szolg\u00e1ltat\u00e1s mag\u00e1ban foglalja &#8211; a k\u00f6lt\u00f6ztet\u00e9s teljes\u00edt\u00e9s\u00e9hez sz\u00fcks\u00e9ges er\u0151forr\u00e1sok biztos\u00edt\u00e1s\u00e1val &#8211; az Ing\u00f3s\u00e1gok rakod\u00e1s\u00e1t, sz\u00e1ll\u00edt\u00e1s\u00e1t, \u00e9s sz\u00fcks\u00e9g eset\u00e9n az Egyedi Megrendel\u00e9sben foglaltak szerint (k\u00fcl\u00f6n d\u00edj ellen\u00e9ben) csomagol\u00f3anyag, illetve dobozok rendelkez\u00e9sre bocs\u00e1t\u00e1s\u00e1t, valamint a b\u00fatorok sz\u00e9t- \u00e9s\/vagy \u00f6sszeszerel\u00e9s\u00e9t A V\u00e1llalkoz\u00f3 \u00e1ltal ny\u00fajtott k\u00f6lt\u00f6ztet\u00e9sek fajt\u00e1i: Belf\u00f6ldi k\u00f6lt\u00f6ztet\u00e9s: Magyarorsz\u00e1g k\u00f6zigazgat\u00e1si hat\u00e1rain bel\u00fcl t\u00f6rt\u00e9n\u0151 sz\u00e1ll\u00edt\u00e1si feladatok elv\u00e9gz\u00e9se (lakoss\u00e1gi vagy irodak\u00f6lt\u00f6ztet\u00e9s), ezen bel\u00fcl egy adott helys\u00e9gen, v\u00e1roson bel\u00fcli k\u00f6lt\u00f6ztet\u00e9s (helys\u00e9gen bel\u00fcli k\u00f6lt\u00f6ztet\u00e9s), valamint m\u00e1s v\u00e1rosba, vid\u00e9kre t\u00f6rt\u00e9n\u0151 k\u00f6lt\u00f6ztet\u00e9s (vid\u00e9ki k\u00f6lt\u00f6ztet\u00e9s: ha a lerakod\u00e1si \u00e9s a felrakod\u00e1si c\u00edm k\u00f6z\u00f6tt t\u00f6bb, mint 60 km a t\u00e1vols\u00e1g). Nemzetk\u00f6zi k\u00f6lt\u00f6ztet\u00e9s: Sz\u00e1ll\u00edt\u00e1si feladatok elv\u00e9gz\u00e9se az Eur\u00f3pai Uni\u00f3 tag\u00e1llamain bel\u00fcl, vagy azon k\u00edv\u00fcl. Minden olyan fuvar a felrakod\u00e1si \u00e9s a lerakod\u00e1si c\u00edm k\u00f6z\u00f6tt, amely meghaladja az 500 km-t, nemzetk\u00f6zi k\u00f6lt\u00f6ztet\u00e9snek min\u0151s\u00fcl. A szerz\u0151d\u00e9s teljes\u00edt\u00e9se Az Egyedi Megrendel\u00e9s tartalmazza az Ing\u00f3s\u00e1gok felrakod\u00e1si \u00e9s lerakod\u00e1si c\u00edm\u00e9t, valamint a Felek \u00e1ltal a k\u00f6lt\u00f6ztet\u00e9sre egyeztetett id\u0151pontot. Amennyiben a felrakod\u00e1si \u00e9s a lerakod\u00e1si c\u00edmen t\u00falmen\u0151en egy k\u00f6zbens\u0151 harmadik c\u00edmet is \u00e9rintenie kell a V\u00e1llalkoz\u00f3nak sz\u00e1ll\u00edt\u00e1s k\u00f6zben, \u00fagy a Felek ezt az Egyedi Megrendel\u00e9sben r\u00f6gz\u00edtik. A V\u00e1llalkoz\u00f3 fenntartja sz\u00e1ll\u00edt\u00e1sai esetleges \u00e1t\u00fctemez\u00e9s\u00e9nek mindenkori jog\u00e1t. A V\u00e1llalkoz\u00f3 a fuvaroz\u00e1si szolg\u00e1ltat\u00e1sokat munkanapokon 8-18 \u00f3ra k\u00f6z\u00f6tt teljes\u00edti. Amennyiben a Megrendel\u0151 ezen id\u0151szakon k\u00edv\u00fcl is ig\u00e9nyli a V\u00e1lallkoz\u00f3 szolg\u00e1ltat\u00e1sait, \u00fagy a megadott d\u00edj 50%-\u00e1t k\u00f6teles fel\u00e1rk\u00e9nt megfizetni. Az Ing\u00f3s\u00e1gokat V\u00e1llalkoz\u00f3 h\u00e1zt\u00f3l-h\u00e1zig, megadott \u00fatvonalon, megadott id\u0151beli \u00fatvonalterv alapj\u00e1n sz\u00e1ll\u00edtja. A pontos \u00fatvonal a felrakod\u00e1si \u00e9s lerakod\u00e1si c\u00edm f\u00fcggv\u00e9nye. A V\u00e1llalkoz\u00f3 jogosult a sz\u00e1ll\u00edt\u00e1s \u00fatvonal\u00e1t saj\u00e1t bel\u00e1t\u00e1sa szerint meghat\u00e1rozni, att\u00f3l elt\u00e9rni, ide\u00e9rtve k\u00f6zb\u00fcls\u0151 meg\u00e1ll\u00f3helyeket is. A megadott \u00e9rkez\u00e9si id\u0151pontok t\u00e1j\u00e9koztat\u00f3 jelleg\u0171ek. A V\u00e1llalkoz\u00f3 a pontos id\u0151pontot telefonon a Megrendel\u0151vel minden esetben egyezteti. Az Ing\u00f3s\u00e1gok k\u00f6re lehet minden olyan dokumentum, \u00e1ru, t\u00e1rgy, amely nem esik a fuvaroz\u00e1sb\u00f3l kiz\u00e1rt t\u00e1rgyak k\u00f6r\u00e9be. Megrendel\u0151 v\u00e1llalja, hogy az al\u00e1bb felsorolt k\u00fcldem\u00e9nyeket sz\u00e1ll\u00edt\u00e1sra nem adja \u00e1t. A fuvaroz\u00e1sb\u00f3l kiz\u00e1rt t\u00e1rgyak k\u00f6re: Narkotikumok P\u00e9nz vagy b\u00e1rmilyen k\u00e9szp\u00e9nz-helyettes\u00edt\u0151 eszk\u00f6z Csekk vagy b\u00e1rmilyen \u00e1tv\u00e1lthat\u00f3 k\u00f6tv\u00e9ny Pornogr\u00e1f vagy b\u00e1rmilyen tiltott nyomtat\u00e1s, f\u00e9nyk\u00e9p, grafika L\u0151fegyver, robban\u00f3szer Vesz\u00e9lyes anyagok \u00e9s \u00e1ruk Minden olyan anyag, melyet b\u00e1rmely k\u00f6zigazgat\u00e1si szerv, vagy a sz\u00e1ll\u00edt\u00e1si tev\u00e9kenys\u00e9g vonatkoz\u00e1s\u00e1ban a hat\u00e1sk\u00f6rrel rendelkez\u0151 egy\u00e9b szervezet kock\u00e1zatos, vesz\u00e9lyes anyagnak, tiltott, vagy csak korl\u00e1toz\u00e1ssal elfogadhat\u00f3 k\u00fcldem\u00e9nynek min\u0151s\u00edtett Melyet a V\u00e1llalkoz\u00f3 a saj\u00e1t d\u00f6nt\u00e9se alapj\u00e1n, biztons\u00e1gi okb\u00f3l, vagy az ir\u00e1nyad\u00f3 jogszab\u00e1lyokra val\u00f3 tekintettel kiz\u00e1rtnak min\u0151s\u00edtett (pl. illeg\u00e1lis, j\u00f6ved\u00e9ki ad\u00f3s, t\u0171zvesz\u00e9lyes, undort kelt\u0151 \u00e9s romland\u00f3 \u00e1ru, illetve, ha az Ing\u00f3s\u00e1gok csomagol\u00e1sa nem alkalmas a benne l\u00e9v\u0151 tartalom sz\u00e1ll\u00edt\u00e1s k\u00f6zbeni meg\u00f3v\u00e1s\u00e1ra, vagy vesz\u00e9lyezteti m\u00e1s k\u00fcldem\u00e9nyek \u00e9ps\u00e9g\u00e9t) V\u00e1llalkoz\u00e1si d\u00edj A V\u00e1llalkoz\u00e1si d\u00edj lehet fix d\u00edj vagy \u00f3rad\u00edj-alapon kalkul\u00e1lt d\u00edj az al\u00e1bbiak szerint: Fix d\u00edjas k\u00f6lt\u00f6z\u00e9si szolg\u00e1ltat\u00e1s: A Felek az Egyedi Megrendel\u00e9sben r\u00f6gz\u00edtett fix V\u00e1llalkoz\u00e1si d\u00edjban (nett\u00f3 \u00f6sszeg + \u00c1FA) \u00e1llapodnak meg, amely tartalmazza a szerz\u0151d\u00e9sszer\u0171 teljes\u00edt\u00e9shez sz\u00fcks\u00e9ges munkad\u00edjat, anyag-, \u00fczemanyag- \u00e9s egy\u00e9b k\u00f6lts\u00e9geket (sz\u00fcks\u00e9ges munkaer\u0151, sz\u00e1ll\u00edt\u00f3eszk\u00f6z, \u00e1ltal\u00e1nos k\u00f6lts\u00e9gek stb.) Nemzetk\u00f6zi k\u00f6lt\u00f6ztet\u00e9s eset\u00e9n\u00a0\u2013 V\u00e1llalkoz\u00f3 a Megrendel\u0151 \u00e1ltal kit\u00f6lt\u00f6tt aj\u00e1nlatk\u00e9r\u0151 alapj\u00e1n kalkul\u00e1lja a fix V\u00e1llalkoz\u00e1si d\u00edjat, el\u0151zetes felm\u00e9r\u00e9st nem v\u00e9gez. A V\u00e1llalkoz\u00e1si d\u00edj \u00f6sszeg\u00e9t a Felek az Egyedi Megrendel\u00e9sben r\u00f6gz\u00edtik. Belf\u00f6ldi irodak\u00f6lt\u00f6ztet\u00e9s eset\u00e9n\u00a0\u2013 V\u00e1llalkoz\u00f3 a Megrendel\u0151n\u00e9l v\u00e9gzett el\u0151zetes felm\u00e9r\u00e9s alapj\u00e1n kalkul\u00e1lja a fix V\u00e1llalkoz\u00e1si d\u00edjat. A V\u00e1llalkoz\u00e1si d\u00edj \u00f6sszeg\u00e9t a Felek az Egyedi Megrendel\u00e9sben r\u00f6gz\u00edtik. Belf\u00f6ldi vid\u00e9ki lakoss\u00e1gi k\u00f6lt\u00f6ztet\u00e9s eset\u00e9n\u00a0(amikor a lerakod\u00e1si \u00e9s a felrakod\u00e1si c\u00edm k\u00f6z\u00f6tt t\u00f6bb, mint 30 km a t\u00e1vols\u00e1g) &#8211; V\u00e1llalkoz\u00f3 a Megrendel\u0151n\u00e9l v\u00e9gzett el\u0151zetes felm\u00e9r\u00e9s alapj\u00e1n kalkul\u00e1lja a fix V\u00e1llalkoz\u00e1si d\u00edjat. A V\u00e1llalkoz\u00e1si d\u00edj \u00f6sszeg\u00e9t a Felek az Egyedi Megrendel\u00e9sben r\u00f6gz\u00edtik. A Megrendel\u0151n\u00e9l v\u00e9gzett el\u0151zetes felm\u00e9r\u00e9s eset\u00e9n a V\u00e1llalkoz\u00f3 a k\u00f6lt\u00f6ztet\u00e9s r\u00e9szleteire vonatkoz\u00f3 adatokat a Megrendel\u0151vel t\u00f6rt\u00e9n\u0151 el\u0151zetes egyeztet\u00e9s sor\u00e1n szem\u00e9lyesen felm\u00e9ri \u00e9s a felm\u00e9r\u00e9s alapj\u00e1n pontos \u00e1raj\u00e1nlatot k\u00e9sz\u00edt. Szem\u00e9lyes felm\u00e9r\u00e9s eset\u00e9n a Megrendel\u0151 \u00e1ltal megadott c\u00edmen a V\u00e1llalkoz\u00f3 felm\u00e9ri a k\u00f6lt\u00f6ztet\u00e9sre sz\u00e1nt Ing\u00f3s\u00e1gok mennyis\u00e9g\u00e9t, \u00e1llapot\u00e1t, csomagol\u00e1si m\u00f3dj\u00e1t, sz\u00fcks\u00e9ges szerel\u00e9si param\u00e9tereit, valamint a felrakod\u00e1si \u00e9s lerakod\u00e1si c\u00edmek megk\u00f6zel\u00edthet\u0151s\u00e9g\u00e9t, illetve a parkol\u00e1si, behajt\u00e1si lehet\u0151s\u00e9geket. A V\u00e1llalkoz\u00f3 fenntartja mag\u00e1nak a jogot arra, hogy a felm\u00e9r\u00e9s\u00e9rt k\u00fcl\u00f6n d\u00edjat \u00e1llap\u00edtson meg. Megrendel\u0151 kifejezetten tudom\u00e1sul veszi \u00e9s elismeri, hogy a k\u00f6vetkez\u0151 param\u00e9terekr\u0151l \/ k\u00f6r\u00fclm\u00e9nyekr\u0151l val\u00f3 pontatlan t\u00e1j\u00e9koztat\u00e1s a fix \u00f6sszeg\u0171 V\u00e1llalkoz\u00e1si d\u00edj v\u00e1ltoztat\u00e1s\u00e1t, vagy a szolg\u00e1ltat\u00e1s megtagad\u00e1s\u00e1t vonhatja maga ut\u00e1n: lerakod\u00e1si \u00e9s a felrakod\u00e1si hely pontos c\u00edme; emeletek; lifthaszn\u00e1lat lehet\u0151s\u00e9ge; bej\u00e1rat megk\u00f6zel\u00edthet\u0151s\u00e9ge teheraut\u00f3val; Ing\u00f3s\u00e1gok m\u00e9ret\u00e9nek, s\u00faly\u00e1nak, mennyis\u00e9g\u00e9nek pontos adata. \u00d3rad\u00edj alap\u00fa k\u00f6lt\u00f6ztet\u00e9si szolg\u00e1ltat\u00e1s:&gt; Belf\u00f6ldi, helys\u00e9gen bel\u00fcli lakoss\u00e1gi k\u00f6lt\u00f6ztet\u00e9s\u00a0eset\u00e9n a V\u00e1llalkoz\u00e1si d\u00edj sz\u00e1m\u00edt\u00e1s\u00e1nak alapja a V\u00e1llalkoz\u00f3 weboldal\u00e1n mindenkor k\u00f6zz\u00e9tett, a k\u00f6lt\u00f6ztet\u00e9shez haszn\u00e1lt aut\u00f3k t\u00e9rfogata, darabsz\u00e1ma, a k\u00f6lt\u00f6ztet\u00e9sben r\u00e9szt vev\u0151 rakod\u00f3k sz\u00e1ma \u00e9s \u00f3rad\u00edja, a k\u00f6lt\u00f6z\u00e9sre ford\u00edtott \u00f3rasz\u00e1m, valamint a megtett \u00fat km-d\u00edja az Egyedi Megrendel\u00e9sben meghat\u00e1rozott lerakod\u00e1si \u00e9s a felrakod\u00e1si c\u00edm k\u00f6z\u00f6tt. \u00d3rad\u00edjas elsz\u00e1mol\u00e1s eset\u00e9n az els\u0151 2 (kett\u0151) \u00f3ra minden esetben felsz\u00e1m\u00edt\u00e1sra ker\u00fcl, \u00e9s minden megkezdett munka\u00f3ra teljes \u00f3rak\u00e9nt ker\u00fcl kisz\u00e1ml\u00e1z\u00e1sra. Megrendel\u0151 tudom\u00e1sul veszi, hogy a V\u00e1llalkoz\u00f3 rakod\u00f3inak \u00f3rad\u00edja oly m\u00f3don ker\u00fclt kisz\u00e1m\u00edt\u00e1sra, hogy a rakod\u00f3k 2 (kett\u0151) \u00f3r\u00e1nk\u00e9nt jogosultak 10 (t\u00edz) perc pihen\u0151id\u0151re. Megrendel\u0151 tudom\u00e1sul veszi, hogy a rakod\u00f3k munkav\u00e9gz\u00e9s k\u00f6zben jogosultak eb\u00e9dsz\u00fcnetre, amelynek id\u0151tartama a k\u00f6lt\u00f6z\u00e9sre ford\u00edtott \u00f3rasz\u00e1mba nem sz\u00e1m\u00edt bele. Egyedi d\u00edjszab\u00e1s: Egyedi d\u00edjszab\u00e1s szerint t\u00f6rt\u00e9nik az al\u00e1bbi Ing\u00f3s\u00e1gok k\u00f6lt\u00f6ztet\u00e9se, melyeket Megrendel\u0151 k\u00f6teles az Egyedi Megrendel\u00e9sben el\u0151zetesen \u00edr\u00e1sban jelezni \u00e9s t\u00e9telesen felsorolni: p\u00e1nc\u00e9lszekr\u00e9ny, zongora, pian\u00edn\u00f3, nagym\u00e9ret\u0171 akv\u00e1rium, stb neh\u00e9z, 100 kg f\u00f6l\u00f6tti t\u00e1rgyak, 300.000,-Ft-n\u00e1l nagyobb \u00e9rt\u00e9k\u0171 Ing\u00f3s\u00e1g (pl. festm\u00e9ny). A parkol\u00e1si d\u00edj \u00e9s az esetleges behajt\u00e1si enged\u00e9ly d\u00edja minden esetben a Megrendel\u0151t terheli. A Megrendel\u0151 a v\u00e1llalkoz\u00e1si d\u00edjat 3 (h\u00e1rom) munkanapon bel\u00fcl k\u00f6teles megfizetni V\u00e1llalkoz\u00f3 r\u00e9sz\u00e9re k\u00e9szp\u00e9nzben vagy a k\u00f6vetkez\u0151 banksz\u00e1mlasz\u00e1mra t\u00f6rt\u00e9n\u0151 banki \u00e1tutal\u00e1s \u00fatj\u00e1n: Sz\u00e1mlasz\u00e1m: 10700457-75521570-51100005\u00a0 (CIB Bank Zrt.) V\u00e1llalkoz\u00f3 a Megrendel\u0151 k\u00e9sedelmes fizet\u00e9se eset\u00e9n jogosult a Ptk. 6:48 \u00a7 alapj\u00e1n kamatot k\u00f6vetelni. Megrendel\u0151 jogai \u00e9s k\u00f6telezetts\u00e9gei A Megrendel\u0151 k\u00f6teles a szolg\u00e1ltat\u00e1s hely\u00e9t (felrakod\u00e1si \u00e9s lerakod\u00e1si c\u00edm) munka v\u00e9gz\u00e9s\u00e9re alkalmas \u00e1llapotban a V\u00e1llalkoz\u00f3 rendelkez\u00e9s\u00e9re bocs\u00e1tani. A V\u00e1llalkoz\u00f3 a szolg\u00e1ltat\u00e1s megkezd\u00e9s\u00e9t mindaddig megtagadhatja,<\/p>","protected":false},"author":1,"featured_media":0,"parent":0,"menu_order":0,"comment_status":"closed","ping_status":"closed","template":"elementor_canvas","meta":{"footnotes":""},"class_list":["post-5321","page","type-page","status-publish","hentry"],"acf":[],"_links":{"self":[{"href":"https:\/\/www.palficargo.hu\/en\/wp-json\/wp\/v2\/pages\/5321","targetHints":{"allow":["GET"]}}],"collection":[{"href":"https:\/\/www.palficargo.hu\/en\/wp-json\/wp\/v2\/pages"}],"about":[{"href":"https:\/\/www.palficargo.hu\/en\/wp-json\/wp\/v2\/types\/page"}],"author":[{"embeddable":true,"href":"https:\/\/www.palficargo.hu\/en\/wp-json\/wp\/v2\/users\/1"}],"replies":[{"embeddable":true,"href":"https:\/\/www.palficargo.hu\/en\/wp-json\/wp\/v2\/comments?post=5321"}],"version-history":[{"count":6,"href":"https:\/\/www.palficargo.hu\/en\/wp-json\/wp\/v2\/pages\/5321\/revisions"}],"predecessor-version":[{"id":5841,"href":"https:\/\/www.palficargo.hu\/en\/wp-json\/wp\/v2\/pages\/5321\/revisions\/5841"}],"wp:attachment":[{"href":"https:\/\/www.palficargo.hu\/en\/wp-json\/wp\/v2\/media?parent=5321"}],"curies":[{"name":"wp","href":"https:\/\/api.w.org\/{rel}","templated":true}]}}